{"id":3673,"date":"2021-06-08T06:55:05","date_gmt":"2021-06-08T04:55:05","guid":{"rendered":"https:\/\/ru1.md\/?page_id=3673"},"modified":"2021-06-10T08:42:46","modified_gmt":"2021-06-10T06:42:46","slug":"candidates-list","status":"publish","type":"page","link":"https:\/\/ru1.md\/en\/candidates-list\/","title":{"rendered":"Candidates List"},"content":{"rendered":"<p>[vc_row][vc_column][vc_custom_heading text=&#8221;Electoral bloc \u201cRENATO USATI\u0302I\u201d<br \/>\nParliamentary Candidates&#8221; font_container=&#8221;tag:h2|text_align:center&#8221; use_theme_fonts=&#8221;yes&#8221;][\/vc_column][\/vc_row][vc_row][vc_column css=&#8221;.vc_custom_1621963267875{margin-top: -10px !important;margin-bottom: -30px !important;}&#8221;][vc_separator color=&#8221;custom&#8221; border_width=&#8221;2&#8243; accent_color=&#8221;#003c68&#8243;][\/vc_column][\/vc_row][vc_row][vc_column][vc_custom_heading text=&#8221;Renato Usati\u0302i&#8221; font_container=&#8221;tag:h2|text_align:center&#8221; use_theme_fonts=&#8221;yes&#8221;][\/vc_column][\/vc_row][vc_row][vc_column width=&#8221;1\/2&#8243;][vc_single_image image=&#8221;2958&#8243; img_size=&#8221;full&#8221; alignment=&#8221;center&#8221;][\/vc_column][vc_column width=&#8221;1\/2&#8243;][vc_column_text css=&#8221;.vc_custom_1623127860935{padding-top: 10px !important;}&#8221;]<\/p>\n<p class=\"p1\">Chairman of the Political Party \u201cOur Party\u201d, Leader of the Electoral Bloc \u201cRENATO USAT\u00ceI\u201d. Born on 4 November 1978.<\/p>\n<p class=\"p1\"><b>Education: <\/b><\/p>\n<p class=\"p2\"><span class=\"s1\">(1996-2000)<\/span> \u2013\u00a0Faculty of Foreign Languages and Literatures of Alecu Russo State University, B\u0103l\u021bi.<\/p>\n<p class=\"p2\"><b>Professional activities: <\/b><\/p>\n<p class=\"p1\">(2000-2001)<span class=\"s1\"> \u2013\u00a0<\/span>Supervisor at the Chisinau International Airport, Republic of Moldova;<\/p>\n<p class=\"p1\">(2002-2004)<span class=\"s1\"> \u2013\u00a0<\/span>Lead Engineer of the food production facility at the Moldovan Railway;<\/p>\n<p class=\"p1\">(2004-2015) <span class=\"s1\">\u2013\u00a0<\/span>Business activities in the Russian Federation;<\/p>\n<p class=\"p1\">(2015-13.02.2018) <span class=\"s1\">\u2013\u00a0<\/span>Mayor of B\u0103l\u021bi municipality;<\/p>\n<p class=\"p1\">Since 2019 to the present \u2013 Mayor of B\u0103l\u021bi municipality;<\/p>\n<p class=\"p1\">In 2020 Renato Usatii has run for president of the Republic of Moldova, securing 16.90% of the votes.<\/p>\n<p>[\/vc_column_text][\/vc_column][\/vc_row][vc_row][vc_column css=&#8221;.vc_custom_1621963267875{margin-top: -10px !important;margin-bottom: -30px !important;}&#8221;][vc_separator color=&#8221;custom&#8221; border_width=&#8221;2&#8243; accent_color=&#8221;#003c68&#8243;][\/vc_column][\/vc_row][vc_row][vc_column][vc_custom_heading text=&#8221;Elena Gri\u021bco&#8221; font_container=&#8221;tag:h2|text_align:center&#8221; use_theme_fonts=&#8221;yes&#8221;][\/vc_column][\/vc_row][vc_row][vc_column width=&#8221;1\/2&#8243;][vc_single_image image=&#8221;2541&#8243; img_size=&#8221;full&#8221; alignment=&#8221;center&#8221;][\/vc_column][vc_column width=&#8221;1\/2&#8243;][vc_column_text]<\/p>\n<p class=\"p1\">Councillor of the Municipal Council of B\u0103l\u021bi, Chairman of the \u201cRenato Usat\u00eei\u201d Foundation, member of the National Council of the Political Party \u201cOur Party\u201d. Elena Gri\u021bco was born on 3 January 1982.<\/p>\n<p class=\"p1\"><b>Education<\/b>:<\/p>\n<p class=\"p1\">(2001-2005) \u2013 Faculty of Law, Moldova State University;<\/p>\n<p class=\"p1\">(2005-2006) \u2013 Master of Laws; Academy of Public Administration under the President of the Republic of Moldova;<\/p>\n<p class=\"p1\">(2011-2013) \u2013 Master of Theology, Academy of Orthodox Theology of Moldova;<\/p>\n<p class=\"p1\">2014 \u2013 Post-graduate studies in the field of National Security and Defense, Armed Forces Military Academy Alexandru cel Bun.<\/p>\n<p class=\"p1\"><b>Professional activities: <\/b><\/p>\n<p class=\"p1\">(2005-2009) \u2013 Academy of Public Administration under the President of the Republic of Moldova, university assistant and lecturer;<\/p>\n<p class=\"p1\">(2007-2014) \u2013 Senior Specialist in the Law Drafting Department, Ministry of Justice, Head of Directorate of non-commercial organizations;<\/p>\n<p class=\"p1\">Since 2005 to the present \u2013 Chairman of the foundation \u201cRenato Usat\u00eei\u201d;<\/p>\n<p class=\"p1\">Since 2005 to the present \u2013 Councillor of the Municipal Council of B\u0103l\u021bi.<\/p>\n<p>[\/vc_column_text][\/vc_column][\/vc_row][vc_row][vc_column css=&#8221;.vc_custom_1621963267875{margin-top: -10px !important;margin-bottom: -30px !important;}&#8221;][vc_separator color=&#8221;custom&#8221; border_width=&#8221;2&#8243; accent_color=&#8221;#003c68&#8243;][\/vc_column][\/vc_row][vc_row][vc_column][vc_custom_heading text=&#8221;Ilian Cas\u0326u&#8221; font_container=&#8221;tag:h2|text_align:center&#8221; use_theme_fonts=&#8221;yes&#8221;][\/vc_column][\/vc_row][vc_row][vc_column width=&#8221;1\/2&#8243;][vc_single_image image=&#8221;2544&#8243; img_size=&#8221;full&#8221; alignment=&#8221;center&#8221;][\/vc_column][vc_column width=&#8221;1\/2&#8243;][vc_column_text]<\/p>\n<p class=\"p1\">Member of the National Council and of the Executive Bureau of the Political Party \u201cOur Party\u201d. Ilian Cas\u0326u was born on 6 February 1972.<\/p>\n<p class=\"p1\"><b>Education<\/b>:<\/p>\n<p class=\"p1\">(1989-1994) \u2013 Alecu Russo State University of B\u0103l\u021bi, Faculty of Foreign Languages (English &amp; French);<\/p>\n<p class=\"p1\">(1996-1998) \u2013 The University of Mississippi, Oxford, MS, USA. Master of Arts in Political Science;<\/p>\n<p class=\"p1\">(1998-2003) \u2013 University of Syracuse, Maxwell School of Citizenship and Public Affairs, New York, USA. ABD (PhD in Political Science).<\/p>\n<p class=\"p1\"><b>Professional activities: <\/b><\/p>\n<p class=\"p1\">(1993-1994) \u2013 English teacher, School No. 16, Balti, Moldova;<\/p>\n<p class=\"p1\">(1994-1996) \u2013 project manager, Central and Eastern European Law Initiative\/American Bar Association, Chi\u0219in\u0103u, Moldova;<\/p>\n<p class=\"p1\">(summer 1997) \u2013 deputy director, Washington Workshops Foundation, Washington, DC;<\/p>\n<p class=\"p1\">(1998-2003) \u2013 professor of Political Sciences, Syracuse University, NY, SUA;<\/p>\n<p class=\"p1\">(2001-2004) \u2013 fellow of the Open Society Institute, Budapest;<\/p>\n<p class=\"p1\">(2004-2007) \u2013 freelance Political Analyst for Radio Europa Liber\u0103, The voice of America, BBC;<\/p>\n<p class=\"p1\">(2007-2014) \u2013 political consultant, Embassy of the Republic of Turkey, Moldova;<\/p>\n<p class=\"p1\">(2015-2019) \u2013 vice-chairman of the Political Party \u201cOur Party\u201d, Member of the National Council and Executive Bureau of the Political Party \u201cOur Party\u201d;<\/p>\n<p class=\"p1\">(2015-2019) \u2013 councillor of the Municipal Council of Chi\u0219in\u0103u from the \u201cOur Party\u201d.<\/p>\n<p>[\/vc_column_text][\/vc_column][\/vc_row][vc_row][vc_column css=&#8221;.vc_custom_1621963267875{margin-top: -10px !important;margin-bottom: -30px !important;}&#8221;][vc_separator color=&#8221;custom&#8221; border_width=&#8221;2&#8243; accent_color=&#8221;#003c68&#8243;][\/vc_column][\/vc_row][vc_row][vc_column][vc_custom_heading text=&#8221;Nina Cereteu&#8221; font_container=&#8221;tag:h2|text_align:center&#8221; use_theme_fonts=&#8221;yes&#8221;][\/vc_column][\/vc_row][vc_row][vc_column width=&#8221;1\/2&#8243;][vc_single_image image=&#8221;2547&#8243; img_size=&#8221;full&#8221; alignment=&#8221;center&#8221;][\/vc_column][vc_column width=&#8221;1\/2&#8243;][vc_column_text]<\/p>\n<p class=\"p1\">Mayor of the city of Drochia. Nina Cereteu was born on 18 August 1987.<\/p>\n<p class=\"p1\"><b>Education<\/b>:<\/p>\n<p class=\"p1\">(2004-2009) <span class=\"s1\">\u2013<\/span> Faculty of Law, University of European Studies of Moldova; Master in Political Sciences;<\/p>\n<p class=\"p1\">(2009-2011)<span class=\"s1\"> \u2013<\/span> Academy of Public Administration under the President of the Republic of Moldova;<\/p>\n<p class=\"p1\"><b>Professional activities: <\/b><\/p>\n<p class=\"p1\">(2011-2014) <span class=\"s1\">\u2013<\/span> senior specialist of the Directorate of non-commercial organizations, Ministry of Justice;<\/p>\n<p class=\"p1\">(2014-2015) \u2013 assistant at the Igor Seremet\u2019s Lawyer\u2019s office;<\/p>\n<p class=\"p1\">Since 2005 to the present \u2013 Mayor of the city of Drochia.<\/p>\n<p>[\/vc_column_text][\/vc_column][\/vc_row][vc_row][vc_column css=&#8221;.vc_custom_1621963267875{margin-top: -10px !important;margin-bottom: -30px !important;}&#8221;][vc_separator color=&#8221;custom&#8221; border_width=&#8221;2&#8243; accent_color=&#8221;#003c68&#8243;][\/vc_column][\/vc_row][vc_row][vc_column][vc_custom_heading text=&#8221;Dumitru Ciubas\u0326enco&#8221; font_container=&#8221;tag:h2|text_align:center&#8221; use_theme_fonts=&#8221;yes&#8221;][\/vc_column][\/vc_row][vc_row css=&#8221;.vc_custom_1622176172097{margin-top: -10px !important;}&#8221;][vc_column width=&#8221;1\/2&#8243;][vc_single_image image=&#8221;2550&#8243; img_size=&#8221;full&#8221; alignment=&#8221;center&#8221;][\/vc_column][vc_column width=&#8221;1\/2&#8243;][vc_column_text]<\/p>\n<p class=\"p1\">Member of the National Council and Executive Bureau of the Political Party \u201cOur Party\u201d. Dumitru Ciubas\u0326enco was born on 14 August 1963.<\/p>\n<p class=\"p1\"><b>Education: <\/b><\/p>\n<p class=\"p1\">(1980-1982) \u2013 Moldova State University;<\/p>\n<p class=\"p1\">(1982-1985) \u2013 Moscow State University, Faculty of Journalism, specialized in International Journalism;<\/p>\n<p class=\"p1\"><b>Professional activities: <\/b><\/p>\n<p class=\"p1\">(1990-1995) \u2013 deputy director of the News Agency<b> <\/b><span class=\"s1\">\u201cInfotag\u201d;<\/span><\/p>\n<p class=\"p1\">(1991-1996) \u2013 editor-in-chief of the newspaper \u201cRepublica\u201d;<\/p>\n<p class=\"p1\">(1996-2009) \u2013 editor-in-chief of the newspaper \u201cMoldavskie Vedomosti\u201d;<\/p>\n<p class=\"p1\">(1999-2009) \u2013 correspondent of the News Agency \u201cReuters\u201d;<\/p>\n<p class=\"p1\">Since 2009 to the present \u2013 administrator of the Periodical Publication \u201cPanorama DC\u201d.<\/p>\n<p>[\/vc_column_text][\/vc_column][\/vc_row][vc_row][vc_column css=&#8221;.vc_custom_1621963267875{margin-top: -10px !important;margin-bottom: -30px !important;}&#8221;][vc_separator color=&#8221;custom&#8221; border_width=&#8221;2&#8243; accent_color=&#8221;#003c68&#8243;][\/vc_column][\/vc_row][vc_row][vc_column][vc_custom_heading text=&#8221;Stela Onut\u0326u&#8221; font_container=&#8221;tag:h2|text_align:center&#8221; use_theme_fonts=&#8221;yes&#8221;][\/vc_column][\/vc_row][vc_row][vc_column width=&#8221;1\/2&#8243;][vc_single_image image=&#8221;2553&#8243; img_size=&#8221;full&#8221; alignment=&#8221;center&#8221;][\/vc_column][vc_column width=&#8221;1\/2&#8243;][vc_column_text]<\/p>\n<p class=\"p1\">Mayor of the city of Glodeni. Stela Onut\u0326u was born on 1 June 1980.<\/p>\n<p class=\"p1\"><b>Education: <\/b><\/p>\n<p class=\"p1\">(1995-2000) \u2013 College of Medicine, B\u0103l\u021bi;<\/p>\n<p class=\"p1\">(2000-2004) \u2013 Police Academy \u0218tefan cel Mare;<\/p>\n<p class=\"p1\">(2016-2019) \u2013 Academy of Public Administration under the President of the Republic of Moldova; Master in the field of Public Administration.<\/p>\n<p class=\"p1\"><b>Professional activities: <\/b><\/p>\n<p class=\"p1\">(2004-2006) \u2013 specialist in Legal issues, State Enterprise Moldselihoztehnica;<\/p>\n<p class=\"p1\">(2006-2015) \u2013 senior specialist, field of calculation and duties paid from the state budget unit, Territorial Social Insurance Fund of Glodeni;<\/p>\n<p class=\"p1\">Since 2015 to the present \u2013 Mayor of the city of Glodeni.<\/p>\n<p>[\/vc_column_text][\/vc_column][\/vc_row][vc_row][vc_column css=&#8221;.vc_custom_1621963267875{margin-top: -10px !important;margin-bottom: -30px !important;}&#8221;][vc_separator color=&#8221;custom&#8221; border_width=&#8221;2&#8243; accent_color=&#8221;#003c68&#8243;][\/vc_column][\/vc_row][vc_row][vc_column][vc_custom_heading text=&#8221;Victor Petrioglu&#8221; font_container=&#8221;tag:h2|text_align:center&#8221; use_theme_fonts=&#8221;yes&#8221;][\/vc_column][\/vc_row][vc_row][vc_column width=&#8221;1\/2&#8243;][vc_single_image image=&#8221;2556&#8243; img_size=&#8221;full&#8221; alignment=&#8221;center&#8221;][\/vc_column][vc_column width=&#8221;1\/2&#8243;][vc_column_text]<\/p>\n<p class=\"p1\">Mayor of the city of Vulc\u0103ne\u0219ti. He was born on 6 June 1974.<\/p>\n<p class=\"p1\"><b>Education: <\/b><\/p>\n<p class=\"p1\">(1992)<b> <\/b>\u2013 The State College of Physical Education;<\/p>\n<p class=\"p1\">(1998) \u2013 The Academy of Economic Studies of Moldova;<\/p>\n<p class=\"p1\">(2010) \u2013 Academy of Public Administration under the President of the Republic of Moldova; Master in the field of Public Administration.<\/p>\n<p class=\"p1\"><b>Professional activities: <\/b><\/p>\n<p class=\"p1\">(1992) \u2013 teacher of Physical Education and Sport at school No.3, Vulcanesti;<\/p>\n<p class=\"p1\">(1996) \u2013 specialist in the field of youth and sport in Vulcanesti\u2019s City Hall;<\/p>\n<p class=\"p1\">(2003) \u2013 City councillor, Chairman of the Committee on Trade, Public Services and Consumer Protection;<\/p>\n<p class=\"p1\">(2007) \u2013 vice-chairman of Vulcanesti district;<\/p>\n<p class=\"p1\">(2011) \u2013 head of the Main Directorate of Local Public Authorities and Properties of G\u0103g\u0103uzia;<\/p>\n<p class=\"p1\">(2012) \u2013 deputy of the People\u2019s Assembly of ATU Gagauzia;<\/p>\n<p class=\"p1\">Since 2015 to the present \u2013 Mayor of the city of Vulc\u0103ne\u0219ti. He was awarded the Order of G\u0103g\u0103uzia.<\/p>\n<p>[\/vc_column_text][\/vc_column][\/vc_row][vc_row][vc_column css=&#8221;.vc_custom_1621963267875{margin-top: -10px !important;margin-bottom: -30px !important;}&#8221;][vc_separator color=&#8221;custom&#8221; border_width=&#8221;2&#8243; accent_color=&#8221;#003c68&#8243;][\/vc_column][\/vc_row][vc_row][vc_column][vc_custom_heading text=&#8221;Ivan Osoianu&#8221; font_container=&#8221;tag:h2|text_align:center&#8221; use_theme_fonts=&#8221;yes&#8221;][\/vc_column][\/vc_row][vc_row][vc_column width=&#8221;1\/2&#8243;][vc_single_image image=&#8221;2559&#8243; img_size=&#8221;full&#8221; alignment=&#8221;center&#8221;][\/vc_column][vc_column width=&#8221;1\/2&#8243;][vc_column_text]<\/p>\n<p class=\"p1\">Economist. He was born on 2 March 1973.<\/p>\n<p class=\"p1\"><b>Education: <\/b><\/p>\n<p class=\"p1\">(1988-1993) \u2013 Polytechnic College of B\u0103l\u021bi, Radio Engineering specialization;<\/p>\n<p class=\"p1\">(2014-2017) \u2013 University of European Studies of Moldova, Faculty of Economic Sciences, Accounting specialization;<\/p>\n<p class=\"p1\"><b>Professional activities: <\/b><\/p>\n<p class=\"p1\">(1999-2004) \u2013 mechanical engineer,<span class=\"s1\"> I.P \u201cRomaniuc\u201d; <\/span><\/p>\n<p class=\"p1\"><span class=\"s1\">Since 2004 to the present <\/span>\u2013 administrator, Municipal Enterprise \u201cAprovizionare\u201d.<\/p>\n<p>[\/vc_column_text][\/vc_column][\/vc_row][vc_row][vc_column css=&#8221;.vc_custom_1621963267875{margin-top: -10px !important;margin-bottom: -30px !important;}&#8221;][vc_separator color=&#8221;custom&#8221; border_width=&#8221;2&#8243; accent_color=&#8221;#003c68&#8243;][\/vc_column][\/vc_row][vc_row][vc_column][vc_custom_heading text=&#8221;Natalia Ba\u0306leanu&#8221; font_container=&#8221;tag:h2|text_align:center&#8221; use_theme_fonts=&#8221;yes&#8221;][\/vc_column][\/vc_row][vc_row][vc_column width=&#8221;1\/2&#8243;][vc_single_image image=&#8221;2562&#8243; img_size=&#8221;full&#8221; alignment=&#8221;center&#8221;][\/vc_column][vc_column width=&#8221;1\/2&#8243;][vc_column_text]<\/p>\n<p class=\"p1\">Accountant- Economist, Registered auditor since 2007. Natalia Ba\u0306leanu was born on 12 January 1977.<\/p>\n<p class=\"p1\"><b>Education: <\/b><\/p>\n<p class=\"p1\">(1994-1999) \u2013 Academy of Economic Studies of Moldova, Faculty of Accounting and Control;<\/p>\n<p class=\"p1\">Since 2020 to the present \u2013 Corporate Finance and Insurance faculty;<\/p>\n<p class=\"p1\">Master School of Excellence in Economics and Business of the Academy of Economic Studies of Moldova.<\/p>\n<p class=\"p1\"><b>Professional activities: <\/b><\/p>\n<p class=\"p1\">(1999-2002) \u2013 economist in the National Bureau of Statistics of the Republic of Moldova;<\/p>\n<p class=\"p1\">(2002-2009) \u2013 chief-accountant, co-founder, Commerce and Production Company;<\/p>\n<p class=\"p1\">(2009-2012) \u2013 director of the international audit and consultancy company Baker Tilly Moldova;<\/p>\n<p class=\"p1\">Since 2013 to the present \u2013 director, co-founder of an audit and consultancy company;<\/p>\n<p class=\"p1\">(2013) \u2013 financial expert of \u201cTehno Consulting &amp; Design\u201d SRL in the European Bank for Reconstruction and Development (EBRD) project: \u201cMoldova District Heating Project Identification Study\u201d;<\/p>\n<p class=\"p1\">(2014-2016) \u2013 expert accountant of \u201eSWECO International AB\u201d (Sweden) for the EBRD project: \u201eMoldova Water Utilities Development Programme \u2013 FOPIP \u2013 Extension\u201d;<\/p>\n<p class=\"p1\">(2015-2017) \u2013 external expert, Internal Audit Service of the City Hall of B\u0103l\u021bi municipality in the project: \u201cAssessment of the effectiveness of the internal control system of the municipal enterprises to identify reserves for financial management improvement\u201d;<\/p>\n<p class=\"p1\">(2020-2021) \u2013 financial expert \u201cTehno Consulting &amp; Design\u201d SRL for the World Bank project \u201cUtility Diagnostic and Performance Improvement Plan\u201d.<\/p>\n<p>[\/vc_column_text][\/vc_column][\/vc_row][vc_row][vc_column css=&#8221;.vc_custom_1621963267875{margin-top: -10px !important;margin-bottom: -30px !important;}&#8221;][vc_separator color=&#8221;custom&#8221; border_width=&#8221;2&#8243; accent_color=&#8221;#003c68&#8243;][\/vc_column][\/vc_row][vc_row][vc_column][vc_custom_heading text=&#8221;Alexandr Severin&#8221; font_container=&#8221;tag:h2|text_align:center&#8221; use_theme_fonts=&#8221;yes&#8221;][\/vc_column][\/vc_row][vc_row][vc_column width=&#8221;1\/2&#8243;][vc_single_image image=&#8221;3010&#8243; img_size=&#8221;full&#8221; alignment=&#8221;center&#8221;][\/vc_column][vc_column width=&#8221;1\/2&#8243;][vc_column_text]<\/p>\n<p class=\"p1\">Mayor of the city of F\u0103le\u0219ti. He was born on 16 July 1989.<\/p>\n<p class=\"p1\"><b>Education: <\/b><\/p>\n<p class=\"p1\">(2008-2012) \u2013 University of Physical Education and Sport \u2013 bachelor\u2019s degree, Physical Education and Sport specialization;<\/p>\n<p class=\"p1\">(2012-2014) \u2013 University of Physical Education and Sport, Master\u2019s degree in Sport Training Technology;<\/p>\n<p class=\"p1\">(2011-2012) \u2013 Moldovan Football Federation \u2013 Licence C, football manager coach.<\/p>\n<p class=\"p1\"><b>Professional activities: <\/b><\/p>\n<p class=\"p1\">(2.12.2019) \u2013 teacher of physical education, Theoretical lyceum Mihai Eminescu, F\u0103le\u0219ti;<\/p>\n<p class=\"p1\">Since 2019 to the present \u2013 Mayor of the city of F\u0103le\u0219ti.<\/p>\n<p>[\/vc_column_text][\/vc_column][\/vc_row][vc_row][vc_column css=&#8221;.vc_custom_1621963267875{margin-top: -10px !important;margin-bottom: -30px !important;}&#8221;][vc_separator color=&#8221;custom&#8221; border_width=&#8221;2&#8243; accent_color=&#8221;#003c68&#8243;][\/vc_column][\/vc_row][vc_row][vc_column][vc_custom_heading text=&#8221;Igor Pohila&#8221; font_container=&#8221;tag:h2|text_align:center&#8221; use_theme_fonts=&#8221;yes&#8221;][\/vc_column][\/vc_row][vc_row][vc_column width=&#8221;1\/2&#8243;][vc_single_image image=&#8221;2568&#8243; img_size=&#8221;full&#8221; alignment=&#8221;center&#8221;][\/vc_column][vc_column width=&#8221;1\/2&#8243;][vc_column_text]<\/p>\n<p class=\"p1\">Lawyer of the Bar association \u201cIgor Pohila \u0219i Partenerii\u201d. He was born on 31 August 1968.<\/p>\n<p class=\"p1\"><b>Education: <\/b><\/p>\n<p class=\"p1\">(1985-1991) \u2013 Moldova State University, Chi\u0219in\u0103u, Faculty of History;<\/p>\n<p class=\"p1\">(1991-1994) \u2013 Moldova State University, Chi\u0219in\u0103u, Faculty of Law;<\/p>\n<p class=\"p1\">(2011-2012) \u2013 UQAM (Universit\u00e9 de Qu\u00e9bec \u00e0 Montr\u00e9al), Faculty of Communication, French language specialization (Montreal, Canada).<\/p>\n<p class=\"p1\"><b>Professional activities: <\/b><\/p>\n<p class=\"p1\">(1994-2003) \u2013 lawyer of the Bar association \u201cBotanica\u201d, Chi\u0219in\u0103u, Moldova;<\/p>\n<p class=\"p1\">(2003-2006) \u2013 First Secretary of the Permanent Representative of the Republic of Moldova to the Council of Europe, Strasbourg, France. Field of responsibility: the interaction between the Venice Commission and the European Court of Human Rights, coordination of the process of international expertise of the national pro-European legislation;<\/p>\n<p class=\"p1\">Since 2012 to the present \u2013 lawyer, head of the Bar association \u201cIgor Pohila \u0219i Partenerii\u201d, Chi\u0219in\u0103u, Moldova.<\/p>\n<p>[\/vc_column_text][\/vc_column][\/vc_row][vc_row][vc_column css=&#8221;.vc_custom_1621963267875{margin-top: -10px !important;margin-bottom: -30px !important;}&#8221;][vc_separator color=&#8221;custom&#8221; border_width=&#8221;2&#8243; accent_color=&#8221;#003c68&#8243;][\/vc_column][\/vc_row][vc_row][vc_column][vc_custom_heading text=&#8221;Roman Ciubaciuc&#8221; font_container=&#8221;tag:h2|text_align:center&#8221; use_theme_fonts=&#8221;yes&#8221;][\/vc_column][\/vc_row][vc_row][vc_column width=&#8221;1\/2&#8243;][vc_single_image image=&#8221;2571&#8243; img_size=&#8221;full&#8221; alignment=&#8221;center&#8221;][\/vc_column][vc_column width=&#8221;1\/2&#8243;][vc_column_text]<\/p>\n<p class=\"p1\">Mayor of the city of Cantemir. He was born on 12 September 1976.<\/p>\n<p class=\"p1\"><b>Education: <\/b><\/p>\n<p class=\"p1\">(1994-1997) \u2013 Economic college of G\u00eesca\u2019s village, accountant- economist;<\/p>\n<p class=\"p1\">(2011-2015) \u2013 Comrat State University, Faculty of Accounting and Finance;<\/p>\n<p class=\"p1\">(2015-2017) \u2013 Comrat State University, Master of Public Finance;<\/p>\n<p class=\"p1\"><b>Professional activities: <\/b><\/p>\n<p class=\"p1\">(2003-2011) \u2013 inspector in the field of tax control and audit, State Tax Inspectorate Cantemir;<\/p>\n<p class=\"p1\"><span class=\"s2\">(2003-2011) \u2013<\/span> head of the Department of Taxation of natural persons, State Tax Inspectorate Cantemir;<\/p>\n<p class=\"p1\">Since 2011 to the present <span class=\"s2\">\u2013 <\/span>Mayor of the city of Cantemir.<\/p>\n<p>[\/vc_column_text][\/vc_column][\/vc_row][vc_row][vc_column css=&#8221;.vc_custom_1621963267875{margin-top: -10px !important;margin-bottom: -30px !important;}&#8221;][vc_separator color=&#8221;custom&#8221; border_width=&#8221;2&#8243; accent_color=&#8221;#003c68&#8243;][\/vc_column][\/vc_row][vc_row][vc_column][vc_custom_heading text=&#8221;Olesea Vi\u0302rtosu&#8221; font_container=&#8221;tag:h2|text_align:center&#8221; use_theme_fonts=&#8221;yes&#8221;][\/vc_column][\/vc_row][vc_row][vc_column width=&#8221;1\/2&#8243;][vc_single_image image=&#8221;2574&#8243; img_size=&#8221;full&#8221; alignment=&#8221;center&#8221;][\/vc_column][vc_column width=&#8221;1\/2&#8243;][vc_column_text]<\/p>\n<p class=\"p1\">Economist and jurist. She was born on 7 June 1984.<\/p>\n<p class=\"p1\"><b>Education: <\/b><\/p>\n<p class=\"p1\">(09.2009-06.2011) \u2013 Academy of Public Administration under the President of the Republic of Moldova; Law specialization, Master of Laws;<\/p>\n<p class=\"p1\">(09.2003-06.2007) \u2013 Academy of Economic Studies of Moldova, Banking and Finance specialization;<\/p>\n<p class=\"p1\"><b>Professional activities: <\/b><\/p>\n<p class=\"p1\">(09.2007-02.2010) \u2013 company\u2019s acquisition manager;<\/p>\n<p class=\"p1\">(01.2010-08.2015) \u2013 company\u2019s vice-director;<\/p>\n<p class=\"p1\">(08.2015-05.2021) \u2013 company\u2019s vice-director.<\/p>\n<p>[\/vc_column_text][\/vc_column][\/vc_row][vc_row][vc_column css=&#8221;.vc_custom_1621963267875{margin-top: -10px !important;margin-bottom: -30px !important;}&#8221;][vc_separator color=&#8221;custom&#8221; border_width=&#8221;2&#8243; accent_color=&#8221;#003c68&#8243;][\/vc_column][\/vc_row][vc_row][vc_column][vc_custom_heading text=&#8221;Eduard Ples\u0326ca&#8221; font_container=&#8221;tag:h2|text_align:center&#8221; use_theme_fonts=&#8221;yes&#8221;][\/vc_column][\/vc_row][vc_row][vc_column width=&#8221;1\/2&#8243;][vc_single_image image=&#8221;2577&#8243; img_size=&#8221;full&#8221; alignment=&#8221;center&#8221;][\/vc_column][vc_column width=&#8221;1\/2&#8243;][vc_column_text]<\/p>\n<p class=\"p1\">Councillor of the District Council of F\u0103le\u0219ti; Member of the National Council of the Political Party \u201cOur Party\u201d. He was born on 11 March 1978.<\/p>\n<p class=\"p1\"><b>Education: <\/b><\/p>\n<p class=\"p1\">(1993-1995) \u2013 Theological Seminar \u201cMitropolit Dosoftei\u201d in Suceava, Romania;<\/p>\n<p class=\"p1\">(2003) \u2013 Licentiate in Law, Dniester Institute of Economy and Law;<\/p>\n<p class=\"p1\">(2006-2008) \u2013 Academy of Orthodox Theology of Moldova;<\/p>\n<p class=\"p1\">(2014) \u2013 Post-graduate studies in the field of national security and defense at the Military Academy Alexandru cel Bun;<\/p>\n<p class=\"p1\"><b>Professional activities: <\/b><\/p>\n<p class=\"p1\">(2003-2005) \u2013 law internship;<\/p>\n<p class=\"p1\">(2005-2010) \u2013 activities in the private sector;<\/p>\n<p class=\"p1\">(2010-2018) \u2013 activities in the non-governmental sector;<\/p>\n<p class=\"p1\">(2013-2018) \u2013 jurist at the Metropolis of Chi\u0219in\u0103u and All Moldova;<\/p>\n<p class=\"p1\">Since 2010 to the present \u2013 jurist at the Academy of Orthodox Theology of Moldova;<\/p>\n<p class=\"p1\">Since 2015 to the present \u2013 Councillor of the City Council of F\u0103le\u0219ti;<\/p>\n<p class=\"p1\">Since 2015 to the present \u2013 Councillor of F\u0103le\u0219ti District Council.<\/p>\n<p>[\/vc_column_text][\/vc_column][\/vc_row][vc_row][vc_column css=&#8221;.vc_custom_1621963267875{margin-top: -10px !important;margin-bottom: -30px !important;}&#8221;][vc_separator color=&#8221;custom&#8221; border_width=&#8221;2&#8243; accent_color=&#8221;#003c68&#8243;][\/vc_column][\/vc_row][vc_row][vc_column][vc_custom_heading text=&#8221;Natalia Bayram&#8221; font_container=&#8221;tag:h2|text_align:center&#8221; use_theme_fonts=&#8221;yes&#8221;][\/vc_column][\/vc_row][vc_row][vc_column width=&#8221;1\/2&#8243;][vc_single_image image=&#8221;2580&#8243; img_size=&#8221;full&#8221; alignment=&#8221;center&#8221;][\/vc_column][vc_column width=&#8221;1\/2&#8243;][vc_column_text]<\/p>\n<p class=\"p1\">Lawyer. She was born on 13 September 1980.<\/p>\n<p class=\"p1\"><b>Education: <\/b><\/p>\n<p class=\"p1\">(2002) \u2013 Moldova State University, Faculty of International Relations and Political Sciences;<\/p>\n<p class=\"p1\">(2005) \u2013 The Academy of Economic Studies of Moldova; Faculty of Law;<\/p>\n<p class=\"p1\">(2007) \u2013 License to practice Law.<\/p>\n<p class=\"p1\"><b>Professional activities:<\/b><\/p>\n<p class=\"p1\">(2006-2018) \u2013 lawyer in the area of NGOs advocating for human rights.<\/p>\n<p>[\/vc_column_text][\/vc_column][\/vc_row][vc_row][vc_column css=&#8221;.vc_custom_1621963267875{margin-top: -10px !important;margin-bottom: -30px !important;}&#8221;][vc_separator color=&#8221;custom&#8221; border_width=&#8221;2&#8243; accent_color=&#8221;#003c68&#8243;][\/vc_column][\/vc_row][vc_row][vc_column][vc_custom_heading text=&#8221;Nicolae Margarint&#8221; font_container=&#8221;tag:h2|text_align:center&#8221; use_theme_fonts=&#8221;yes&#8221;][\/vc_column][\/vc_row][vc_row][vc_column width=&#8221;1\/2&#8243;][vc_single_image image=&#8221;2961&#8243; img_size=&#8221;full&#8221; alignment=&#8221;center&#8221;][\/vc_column][vc_column width=&#8221;1\/2&#8243;][vc_column_text]<\/p>\n<p class=\"p1\">Political Scientist, Jurist. He was born on 1 September 1985.<\/p>\n<p class=\"p1\"><b>Education: <\/b><\/p>\n<p class=\"p1\">(2002-2007) \u2013 Moldova State University, Faculty of International Relations, Political and Administrative Sciences, specialization in juridical instruction and political science, Licentiate in Law;<\/p>\n<p class=\"p1\">(2008) \u2013 Master\u2019s degree in Constitutional and Administrative Law, Moldova State University;<\/p>\n<p class=\"p1\"><b>Professional activities:<\/b><\/p>\n<p class=\"p1\">(2008-2010) \u2013 jurist at the Modern Languages and Management lyceum, Chi\u0219in\u0103u;<\/p>\n<p class=\"p1\">(2014-2014) \u2013 jurist, councillor of the Political Party \u201cOur Party\u201d;<\/p>\n<p class=\"p1\">(2016-2019) \u2013 economist at the Directorate of Economics, forecasting and revenue administration of the Directorate-General for Economic and Financial Affairs of the City Hall of B\u0103l\u021bi municipality;<\/p>\n<p class=\"p1\">(2017-2019) \u2013 head of the group working on the complying and recording of local taxes and the control of the emplacement of external advertising on the territory of B\u0103l\u021bi municipality;<\/p>\n<p class=\"p1\">Since 2020 to the present \u2013 editor-in-chief of the Periodical Publication of the newspaper of the Political Party \u201cOur Party\u201d \u2013 \u201cPUTEREA E \u00ceN ADEV\u0102R\u201d (Power is in the truth).<\/p>\n<p>[\/vc_column_text][\/vc_column][\/vc_row][vc_row][vc_column css=&#8221;.vc_custom_1621963267875{margin-top: -10px !important;margin-bottom: -30px !important;}&#8221;][vc_separator color=&#8221;custom&#8221; border_width=&#8221;2&#8243; accent_color=&#8221;#003c68&#8243;][\/vc_column][\/vc_row][vc_row][vc_column][vc_custom_heading text=&#8221;Irina Bli\u0302nda&#8221; font_container=&#8221;tag:h2|text_align:center&#8221; use_theme_fonts=&#8221;yes&#8221;][\/vc_column][\/vc_row][vc_row][vc_column width=&#8221;1\/2&#8243;][vc_single_image image=&#8221;2586&#8243; img_size=&#8221;full&#8221; alignment=&#8221;center&#8221;][\/vc_column][vc_column width=&#8221;1\/2&#8243;][vc_column_text]<\/p>\n<p class=\"p1\">Teacher. She was born on 12 February 1989.<\/p>\n<p class=\"p1\"><b>Education:<\/b><\/p>\n<p class=\"p1\">(2007-2010) \u2013 Ion Creang\u0103 State Pedagogical University, Faculty of History and Ethnopedagogy, specialized in Geography, Licentiate in Educational Sciences.<\/p>\n<p class=\"p1\"><b>Professional activities:<\/b><\/p>\n<p class=\"p1\">(2016-2017) \u2013 senior specialist, teacher educator, Directorate of Education, Youth and Sport, Briceni;<\/p>\n<p class=\"p1\">Since 2019 to the present \u2013 trader, non-bank lending organization.<\/p>\n<p>[\/vc_column_text][\/vc_column][\/vc_row][vc_row][vc_column css=&#8221;.vc_custom_1621963267875{margin-top: -10px !important;margin-bottom: -30px !important;}&#8221;][vc_separator color=&#8221;custom&#8221; border_width=&#8221;2&#8243; accent_color=&#8221;#003c68&#8243;][\/vc_column][\/vc_row][vc_row][vc_column][vc_custom_heading text=&#8221;Daniela Motruc&#8221; font_container=&#8221;tag:h2|text_align:center&#8221; use_theme_fonts=&#8221;yes&#8221;][\/vc_column][\/vc_row][vc_row][vc_column width=&#8221;1\/2&#8243;][vc_single_image image=&#8221;2589&#8243; img_size=&#8221;full&#8221; alignment=&#8221;center&#8221;][\/vc_column][vc_column width=&#8221;1\/2&#8243;][vc_column_text]<\/p>\n<p class=\"p1\">Councillor of the Municipal Council of B\u0103l\u021bi. She was born on 17 January 1987.<\/p>\n<p class=\"p1\"><b>Education: <\/b><\/p>\n<p class=\"p1\">(2006-2009) \u2013 Alecu Russo State University, B\u0103l\u021bi, Faculty of Economics. Accounting specialization. Licentiate in Economic Sciences, Master in Economics;<\/p>\n<p class=\"p1\"><b>Professional activities:<\/b><\/p>\n<p class=\"p1\">Since 2017 to the present \u2013 secretary of B\u0103l\u021bi\u2019s Territorial Organizations, Political Party \u201cOur Party\u201d;<\/p>\n<p class=\"p1\">Since 2019 to the present \u2013 councillor of the Municipal Council of B\u0103l\u021bi.<\/p>\n<p>[\/vc_column_text][\/vc_column][\/vc_row][vc_row][vc_column css=&#8221;.vc_custom_1621963267875{margin-top: -10px !important;margin-bottom: -30px !important;}&#8221;][vc_separator color=&#8221;custom&#8221; border_width=&#8221;2&#8243; accent_color=&#8221;#003c68&#8243;][\/vc_column][\/vc_row][vc_row][vc_column][vc_custom_heading text=&#8221;Dan Moraru&#8221; font_container=&#8221;tag:h2|text_align:center&#8221; use_theme_fonts=&#8221;yes&#8221;][\/vc_column][\/vc_row][vc_row][vc_column width=&#8221;1\/2&#8243;][vc_single_image image=&#8221;2592&#8243; img_size=&#8221;full&#8221; alignment=&#8221;center&#8221;][\/vc_column][vc_column width=&#8221;1\/2&#8243;][vc_column_text]<\/p>\n<p class=\"p1\">Head of the Directorate of External Relations and Investment promotion, nonaffiliated politically. Dan Moraru was born on 10 November 1992.<\/p>\n<p class=\"p1\"><b>Education: <\/b><\/p>\n<p class=\"p1\">(2011-2014) \u2013 \u0218tefan cel Mare University of Suceava, Faculty of History and Geography. Licentiate in Political Sciences;<\/p>\n<p class=\"p1\">(20.02.2013-28.06.2013) \u2013 ERASMUS student mobility for studies \u2013 Cardinal Stefan Wyszy\u0144ski University in Warsaw, Poland;<\/p>\n<p class=\"p1\">(2017-2019) \u2013 Master of European Law, Alexandru Ioan Cuza University, Ia\u0219i, Romania, Faculty of Law;<\/p>\n<p class=\"p1\">Since 01.10.2020 to the present \u2013 PhD Candidate in Political Sciences \u2013 Alexandru Ioan Cuza University, Ia\u0219i, Romania, Faculty of Philosophy and Social-Political Sciences, Doctoral School in Socio-Political Sciences.<\/p>\n<p class=\"p1\"><b>Professional activities:<\/b><\/p>\n<p class=\"p1\">(20.11.2014-01.08.2015) \u2013 senior specialist of the Directorate of Policy Analysis, Monitoring and Evaluation \u2013 Ministry of Agriculture, Regional Development and Environment of the Republic of Moldova;<\/p>\n<p class=\"p1\">(14.11.2016-21.11.2017) \u2013 inspector of Public Administration, External Relations and Investment promotion service \u2013 City Hall of B\u0103l\u021bi municipality;<\/p>\n<p class=\"p1\">Since 2017 to the present \u2013 Head of the Directorate of External Relations and Investment promotion \u2013 City Hall of B\u0103l\u021bi municipality.<\/p>\n<p>[\/vc_column_text][\/vc_column][\/vc_row][vc_row][vc_column css=&#8221;.vc_custom_1621963267875{margin-top: -10px !important;margin-bottom: -30px !important;}&#8221;][vc_separator color=&#8221;custom&#8221; border_width=&#8221;2&#8243; accent_color=&#8221;#003c68&#8243;][\/vc_column][\/vc_row][vc_row][vc_column][vc_custom_heading text=&#8221;Viorica Stanciu&#8221; font_container=&#8221;tag:h2|text_align:center&#8221; use_theme_fonts=&#8221;yes&#8221;][\/vc_column][\/vc_row][vc_row][vc_column width=&#8221;1\/2&#8243;][vc_single_image image=&#8221;2595&#8243; img_size=&#8221;full&#8221; alignment=&#8221;center&#8221;][\/vc_column][vc_column width=&#8221;1\/2&#8243;][vc_column_text]<\/p>\n<p class=\"p1\">Teacher of the Theoretical Lyceum Ion Creang\u0103, in Chi\u0219in\u0103u municipality. Viorica Stanciu was born on 12 August 1976.<\/p>\n<p class=\"p1\"><b>Education: <\/b><\/p>\n<p class=\"p1\">(2011-2012) \u2013 Ion Creang\u0103 State Pedagogical University, Chi\u0219in\u0103u\u2019s municipality. Faculty of Continuing Education and Management. Master in Educational Sciences;<\/p>\n<p class=\"p1\"><b>Professional activities:<\/b><\/p>\n<p class=\"p1\">(1997-2005) \u2013 primary school teacher, Moldovan school \u201cM. Eminescu\u201d of Cantemir;<\/p>\n<p class=\"p1\">(2005-2017) \u2013 primary school teacher, Theoretical Lyceum &#8220;Principesa Natalia Dadiani&#8221;, Chi\u0219in\u0103u municipality;<\/p>\n<p class=\"p1\">Since 2017 to the present \u2013 primary school teacher, Theoretical Lyceum \u201cIon Creang\u0103\u201d, Chi\u0219in\u0103u municipality; \u201c2019 Teacher of the Year\u201d, title offered by the Education Department of Chi\u0219in\u0103u.<\/p>\n<p>[\/vc_column_text][\/vc_column][\/vc_row][vc_row][vc_column css=&#8221;.vc_custom_1621963267875{margin-top: -10px !important;margin-bottom: -30px !important;}&#8221;][vc_separator color=&#8221;custom&#8221; border_width=&#8221;2&#8243; accent_color=&#8221;#003c68&#8243;][\/vc_column][\/vc_row][vc_row][vc_column][vc_custom_heading text=&#8221;Sergiu Biriucov&#8221; font_container=&#8221;tag:h2|text_align:center&#8221; use_theme_fonts=&#8221;yes&#8221;][\/vc_column][\/vc_row][vc_row][vc_column width=&#8221;1\/2&#8243;][vc_single_image image=&#8221;2598&#8243; img_size=&#8221;full&#8221; alignment=&#8221;center&#8221;][\/vc_column][vc_column width=&#8221;1\/2&#8243;][vc_column_text]<\/p>\n<p class=\"p1\">Chairman of the Political Party \u201cPatria\u201d. Sergiu Biriucov was born 9 September 1973.<\/p>\n<p class=\"p1\"><b>Education: <\/b><\/p>\n<p class=\"p1\">(1988-1991) \u2013 Graduate of the \u201cSuvorov Military School<span class=\"s1\">\u201d<\/span> <span class=\"s1\">of <\/span>Chi\u0219in\u0103u; Border Service of the Federal Security Service of the Russian Federation, Moscow, Border Services Officer;<\/p>\n<p class=\"p1\">(1991-1995) \u2013 educator, psychologist and social worker;<\/p>\n<p class=\"p1\">(2008-2010) \u2013 Training and qualification courses at the Academy of Public Administration under the President of the Republic of Moldova.<\/p>\n<p class=\"p1\"><b>Professional activities:<\/b><\/p>\n<p class=\"p2\"><span class=\"s1\">(1995-2012) \u2013 B<\/span>order Guard Service of the Republic of Moldova, where he held different positions, starting with being Head of the Border Outpost and finishing with being Head of the Department of Professional Formation of the Border Guard Service of the Republic of Moldova;<\/p>\n<p class=\"p1\"><span class=\"s3\">Since 2012 to the present <\/span>\u2013 retired from the Ministry of Internal Affairs. Lieutenant colonel.<\/p>\n<p>[\/vc_column_text][\/vc_column][\/vc_row][vc_row][vc_column css=&#8221;.vc_custom_1621963267875{margin-top: -10px !important;margin-bottom: -30px !important;}&#8221;][vc_separator color=&#8221;custom&#8221; border_width=&#8221;2&#8243; accent_color=&#8221;#003c68&#8243;][\/vc_column][\/vc_row][vc_row][vc_column][vc_custom_heading text=&#8221;Vrej Martirosian&#8221; font_container=&#8221;tag:h2|text_align:center&#8221; use_theme_fonts=&#8221;yes&#8221;][\/vc_column][\/vc_row][vc_row][vc_column width=&#8221;1\/2&#8243;][vc_single_image image=&#8221;2601&#8243; img_size=&#8221;full&#8221; alignment=&#8221;center&#8221;][\/vc_column][vc_column width=&#8221;1\/2&#8243;][vc_column_text]<\/p>\n<p class=\"p1\">Vice-Chairman of the Territorial Organizations of the Political Party \u201cOur Party\u201d in Flore\u0219ti. Vrej Martirosian was born on 31 May 1996.<\/p>\n<p class=\"p1\"><b>Education: <\/b><\/p>\n<p class=\"p1\"><span class=\"s1\">Since 2015 to the present <\/span>\u2013 student at the Academy of Economic Studies of Moldova. Faculty of Business Management and Administration, Management specialization.<\/p>\n<p class=\"p1\"><b>Professional activities:<\/b><\/p>\n<p class=\"p1\">(2015-2019) \u2013 City councillor of Flore\u0219ti;<\/p>\n<p class=\"p1\">Since 2018 to the present \u2013 vice-chairman of Flore\u0219ti\u2019s Territorial Organizations of the Political Party \u201cOur Party\u201d;<\/p>\n<p class=\"p1\">(22.01.2018-01.05.2018) \u2013 sales consultant, online store;<\/p>\n<p class=\"p1\">(2018-2019) \u2013 manager of regional marketing, online store.<\/p>\n<p>[\/vc_column_text][\/vc_column][\/vc_row][vc_row][vc_column css=&#8221;.vc_custom_1621963267875{margin-top: -10px !important;margin-bottom: -30px !important;}&#8221;][vc_separator color=&#8221;custom&#8221; border_width=&#8221;2&#8243; accent_color=&#8221;#003c68&#8243;][\/vc_column][\/vc_row][vc_row][vc_column][vc_custom_heading text=&#8221;Mihail Stamov&#8221; font_container=&#8221;tag:h2|text_align:center&#8221; use_theme_fonts=&#8221;yes&#8221;][\/vc_column][\/vc_row][vc_row][vc_column width=&#8221;1\/2&#8243;][vc_single_image image=&#8221;2604&#8243; img_size=&#8221;full&#8221; alignment=&#8221;center&#8221;][\/vc_column][vc_column width=&#8221;1\/2&#8243;][vc_column_text]<\/p>\n<p class=\"p1\">Deputy Mayor of the municipality of Cead\u00eer-Lunga, Chairman of the Territorial Organizations of the Political Party \u201cOur Party\u201d in Cead\u00eer-Lunga municipality. Mihail Stamov was born on 6 January 1979.<\/p>\n<p class=\"p1\"><b>Education: <\/b><\/p>\n<p class=\"p1\">(1996-2001)<b> <\/b>\u2013<b> <\/b>Technical University of Moldova, Faculty of Engineering;<\/p>\n<p class=\"p1\"><b>Professional activities:<\/b><\/p>\n<p class=\"p1\">(2004-2007) \u2013 expert at Chamber of Commerce and Industry of Moldova;<\/p>\n<p class=\"p1\">(2007-2015) \u2013 expert at the Centre for Independent Expert;<\/p>\n<p class=\"p1\">Since 2015 to the present \u2013 Deputy Mayor of the municipality of Cead\u00eer-Lunga.<\/p>\n<p>[\/vc_column_text][\/vc_column][\/vc_row][vc_row][vc_column css=&#8221;.vc_custom_1621963267875{margin-top: -10px !important;margin-bottom: -30px !important;}&#8221;][vc_separator color=&#8221;custom&#8221; border_width=&#8221;2&#8243; accent_color=&#8221;#003c68&#8243;][\/vc_column][\/vc_row][vc_row][vc_column][vc_custom_heading text=&#8221;Igor T\u0326urcanu&#8221; font_container=&#8221;tag:h2|text_align:center&#8221; use_theme_fonts=&#8221;yes&#8221;][\/vc_column][\/vc_row][vc_row][vc_column width=&#8221;1\/2&#8243;][vc_single_image image=&#8221;2607&#8243; img_size=&#8221;full&#8221; alignment=&#8221;center&#8221;][\/vc_column][vc_column width=&#8221;1\/2&#8243;][vc_column_text]<\/p>\n<p class=\"p1\">Lawyer. He was born on 26 June 1969.<\/p>\n<p class=\"p1\"><b>Education: <\/b><\/p>\n<p class=\"p1\">(1987-1994) \u2013 Technological Institute of the Food Industry named after M. Lomonosov of Odessa, Ukraine, Engineer- technologist;<\/p>\n<p class=\"p1\">(1998-2001) \u2013 Alecu Russo State University of B\u0103l\u021bi, Moldova. Jurist, legal specialist;<\/p>\n<p class=\"p1\"><b>Professional activities:<\/b><\/p>\n<p class=\"p1\">(1994-2005) \u2013 providing legal services;<\/p>\n<p class=\"p1\">(1987-1994) \u2013 lawyer at the \u201cIgor Turcanu\u201d lawyer\u2019s office.<\/p>\n<p>[\/vc_column_text][\/vc_column][\/vc_row][vc_row][vc_column css=&#8221;.vc_custom_1621963267875{margin-top: -10px !important;margin-bottom: -30px !important;}&#8221;][vc_separator color=&#8221;custom&#8221; border_width=&#8221;2&#8243; accent_color=&#8221;#003c68&#8243;][\/vc_column][\/vc_row][vc_row][vc_column][vc_custom_heading text=&#8221;Eugeniu Mutaf&#8221; font_container=&#8221;tag:h2|text_align:center&#8221; use_theme_fonts=&#8221;yes&#8221;][\/vc_column][\/vc_row][vc_row][vc_column width=&#8221;1\/2&#8243;][vc_single_image image=&#8221;2610&#8243; img_size=&#8221;full&#8221; alignment=&#8221;center&#8221;][\/vc_column][vc_column width=&#8221;1\/2&#8243;][vc_column_text]<\/p>\n<p class=\"p1\">Economist. Mayor of the city of Iargara. He was born on 21 December 1986.<\/p>\n<p class=\"p1\"><b>Education:<\/b><\/p>\n<p class=\"p1\">(2014) \u2013<b> <\/b>Licentiate in Economic Sciences, Faculty of Finance and Banking, Academy of Economic Studies of Moldova;<\/p>\n<p class=\"p1\"><b>Professional activities:<\/b><\/p>\n<p class=\"p1\">Since 2015 to the present \u2013 Mayor of the city of Iargara.<\/p>\n<p>[\/vc_column_text][\/vc_column][\/vc_row][vc_row][vc_column css=&#8221;.vc_custom_1621963267875{margin-top: -10px !important;margin-bottom: -30px !important;}&#8221;][vc_separator color=&#8221;custom&#8221; border_width=&#8221;2&#8243; accent_color=&#8221;#003c68&#8243;][\/vc_column][\/vc_row][vc_row][vc_column][vc_custom_heading text=&#8221;Ludmila Cr\u00eejanovschi&#8221; font_container=&#8221;tag:h2|text_align:center&#8221; use_theme_fonts=&#8221;yes&#8221;][\/vc_column][\/vc_row][vc_row][vc_column width=&#8221;1\/2&#8243;][vc_single_image image=&#8221;2615&#8243; img_size=&#8221;full&#8221; alignment=&#8221;center&#8221;][\/vc_column][vc_column width=&#8221;1\/2&#8243;][vc_column_text]<\/p>\n<p class=\"p1\">Zoo engineer. She was born on 19 May 1975.<\/p>\n<p class=\"p1\"><b>Education: <\/b><\/p>\n<p class=\"p1\">(1993-1998) \u2013 State Agrarian University of Moldova, Faculty of Animal Sciences;<\/p>\n<p class=\"p1\">(1993) \u2013 Accounting courses;<\/p>\n<p class=\"p1\"><b>Professional activities:<\/b><\/p>\n<p class=\"p1\">(1995-2006) \u2013 entrepreneur;<\/p>\n<p class=\"p1\">(2006-2008) \u2013 accountant;<\/p>\n<p class=\"p1\">Since 2018 to the present \u2013 zoo engineer.<\/p>\n<p>[\/vc_column_text][\/vc_column][\/vc_row][vc_row][vc_column css=&#8221;.vc_custom_1621963267875{margin-top: -10px !important;margin-bottom: -30px !important;}&#8221;][vc_separator color=&#8221;custom&#8221; border_width=&#8221;2&#8243; accent_color=&#8221;#003c68&#8243;][\/vc_column][\/vc_row][vc_row][vc_column][vc_custom_heading text=&#8221;Marina Ceremu\u0219&#8221; font_container=&#8221;tag:h2|text_align:center&#8221; use_theme_fonts=&#8221;yes&#8221;][\/vc_column][\/vc_row][vc_row][vc_column width=&#8221;1\/2&#8243;][vc_single_image image=&#8221;2618&#8243; img_size=&#8221;full&#8221; alignment=&#8221;center&#8221;][\/vc_column][vc_column width=&#8221;1\/2&#8243;][vc_column_text]<\/p>\n<p class=\"p1\">Deputy Mayor of the city of Dondu\u0219eni. She was born on 24 July 1987.<\/p>\n<p class=\"p1\"><b>Education: <\/b><\/p>\n<p class=\"p1\">(2005-2009)<b> <\/b>\u2013 Alecu Russo State University of B\u0103l\u021bi, Banking and Finance specialization, licentiate in Economic Sciences.<\/p>\n<p class=\"p1\"><b>Professional activities:<\/b><\/p>\n<p class=\"p1\">(2014-2019) \u2013 activities in the banking field;<\/p>\n<p class=\"p1\">(2017) \u2013 accountant at Dondu\u0219eni\u2019s City Hall;<\/p>\n<p class=\"p1\">(2015-2017)<span class=\"Apple-converted-space\">\u00a0 <\/span>\u2013 Dondu\u0219eni\u2019s City Councillor from the Political Party \u201cOur Party\u201d;<\/p>\n<p class=\"p1\">(2015-2019) \u2013 Dondu\u0219eni\u2019s District Councillor from the Political Party \u201cOur Party\u201d;<\/p>\n<p class=\"p1\">(2019-2020) \u2013 Dondu\u0219eni\u2019s City and District Councillor from the Political Party \u201cOur Party;<\/p>\n<p class=\"p1\">Since 2020 to the present \u2013 Deputy Mayor of the city of Dondu\u0219eni.<\/p>\n<p>[\/vc_column_text][\/vc_column][\/vc_row][vc_row][vc_column css=&#8221;.vc_custom_1621963267875{margin-top: -10px !important;margin-bottom: -30px !important;}&#8221;][vc_separator color=&#8221;custom&#8221; border_width=&#8221;2&#8243; accent_color=&#8221;#003c68&#8243;][\/vc_column][\/vc_row][vc_row][vc_column][vc_custom_heading text=&#8221;Ivan Ceropita&#8221; font_container=&#8221;tag:h2|text_align:center&#8221; use_theme_fonts=&#8221;yes&#8221;][\/vc_column][\/vc_row][vc_row][vc_column width=&#8221;1\/2&#8243;][vc_single_image image=&#8221;2621&#8243; img_size=&#8221;full&#8221; alignment=&#8221;center&#8221;][\/vc_column][vc_column width=&#8221;1\/2&#8243;][vc_column_text]<\/p>\n<p class=\"p1\">Economist. He was born on 23 September 1990.<\/p>\n<p class=\"p1\"><b>Education:<\/b><\/p>\n<p class=\"p1\">(2012) \u2013 Faculty of Economics, State Agrarian University of Moldova, Chi\u0219in\u0103u;<\/p>\n<p class=\"p1\">(2014) \u2013 Master\u2019s degree in Economics and Rural Development Policies;<\/p>\n<p class=\"p1\">(2015) \u2013 Advanced Specialization Courses in Property Valuation at the Technical University of Moldova.<\/p>\n<p class=\"p1\"><b>Professional activities:<\/b><\/p>\n<p class=\"p1\">(2013-2020) \u2013 assessor of properties;<\/p>\n<p class=\"p1\">Since 2017 to the present \u2013 director of a company.<\/p>\n<p>[\/vc_column_text][\/vc_column][\/vc_row][vc_row][vc_column css=&#8221;.vc_custom_1621963267875{margin-top: -10px !important;margin-bottom: -30px !important;}&#8221;][vc_separator color=&#8221;custom&#8221; border_width=&#8221;2&#8243; accent_color=&#8221;#003c68&#8243;][\/vc_column][\/vc_row][vc_row][vc_column][vc_custom_heading text=&#8221;Natalia Dimitriuc&#8221; font_container=&#8221;tag:h2|text_align:center&#8221; use_theme_fonts=&#8221;yes&#8221;][\/vc_column][\/vc_row][vc_row][vc_column width=&#8221;1\/2&#8243;][vc_single_image image=&#8221;3006&#8243; img_size=&#8221;full&#8221; alignment=&#8221;center&#8221;][\/vc_column][vc_column width=&#8221;1\/2&#8243;][vc_column_text]<\/p>\n<p class=\"p1\">Jurist. She was born on 3 August 1979.<\/p>\n<p class=\"p1\"><b>Education: <\/b><\/p>\n<p class=\"p1\">(1996-2001) &#8211; Comrat State University, Faculty of Law;<\/p>\n<p class=\"p1\"><b>Professional activities:<br \/>\n<\/b>(2002-2008) \u2013 jurist, telecommunications company of Cahul.<\/p>\n<p>[\/vc_column_text][\/vc_column][\/vc_row][vc_row][vc_column css=&#8221;.vc_custom_1621963267875{margin-top: -10px !important;margin-bottom: -30px !important;}&#8221;][vc_separator color=&#8221;custom&#8221; border_width=&#8221;2&#8243; accent_color=&#8221;#003c68&#8243;][\/vc_column][\/vc_row][vc_row][vc_column][vc_custom_heading text=&#8221;Marina Negar\u0103&#8221; font_container=&#8221;tag:h2|text_align:center&#8221; use_theme_fonts=&#8221;yes&#8221;][\/vc_column][\/vc_row][vc_row][vc_column width=&#8221;1\/2&#8243;][vc_single_image image=&#8221;2624&#8243; img_size=&#8221;full&#8221; alignment=&#8221;center&#8221;][\/vc_column][vc_column width=&#8221;1\/2&#8243;][vc_column_text]<\/p>\n<p class=\"p1\">Councillor of the Municipal Council of B\u0103l\u021bi. She was born on 16 June 1983.<\/p>\n<p class=\"p1\"><b>Education: <\/b><\/p>\n<p class=\"p1\">(2001-2002) \u2013 State University of Arts, Chi\u0219in\u0103u municipality, Law Faculty, specialization \u2013 jurist;<\/p>\n<p class=\"p1\">(2002-2006) \u2013 Dniester Institute of Economics and Law, Chi\u0219in\u0103u municipality, Law Faculty, specialization \u2013 jurist;<\/p>\n<p class=\"p1\">(2017-2019) \u2013 Moldova State University, Faculty of International Relations, Political and Administrative Sciences, specialization in Policy Analysis and Evaluation;<\/p>\n<p class=\"p1\"><b>Professional activities:<\/b><\/p>\n<p class=\"p1\">(2007-2015) \u2013 entrepreneurial activity;<\/p>\n<p class=\"p1\">Since 2019 to the present \u2013 Councillor of the Municipal Council of B\u0103l\u021bi.<\/p>\n<p>[\/vc_column_text][\/vc_column][\/vc_row][vc_row][vc_column css=&#8221;.vc_custom_1621963267875{margin-top: -10px !important;margin-bottom: -30px !important;}&#8221;][vc_separator color=&#8221;custom&#8221; border_width=&#8221;2&#8243; accent_color=&#8221;#003c68&#8243;][\/vc_column][\/vc_row][vc_row][vc_column][vc_custom_heading text=&#8221;Anna Holban&#8221; font_container=&#8221;tag:h2|text_align:center&#8221; use_theme_fonts=&#8221;yes&#8221;][\/vc_column][\/vc_row][vc_row css=&#8221;.vc_custom_1622176633467{padding-top: 80px !important;}&#8221;][vc_column width=&#8221;1\/2&#8243;][vc_single_image image=&#8221;2627&#8243; img_size=&#8221;full&#8221; alignment=&#8221;center&#8221;][\/vc_column][vc_column width=&#8221;1\/2&#8243;][vc_column_text]<\/p>\n<p class=\"p1\">Economist. She was born on 21 September 1966.<\/p>\n<p class=\"p1\"><b>Education: <\/b><\/p>\n<p class=\"p1\">(1984) \u2013 Agricultural Institute of Chi\u0219in\u0103u;<\/p>\n<p class=\"p1\">(1991) \u2013 Agricultural Institute of Bryansk.<\/p>\n<p class=\"p1\"><b>Professional activities:<\/b><\/p>\n<p class=\"p1\">(1983) \u2013 company\u2019s dispatcher;<\/p>\n<p class=\"p1\">(1998) \u2013 economist of a company in Vulc\u0103ne\u0219ti.<\/p>\n<p>[\/vc_column_text][\/vc_column][\/vc_row][vc_row][vc_column css=&#8221;.vc_custom_1621963267875{margin-top: -10px !important;margin-bottom: -30px !important;}&#8221;][vc_separator color=&#8221;custom&#8221; border_width=&#8221;2&#8243; accent_color=&#8221;#003c68&#8243;][\/vc_column][\/vc_row][vc_row][vc_column][vc_custom_heading text=&#8221;Vasile Gu\u021bu&#8221; font_container=&#8221;tag:h2|text_align:center&#8221; use_theme_fonts=&#8221;yes&#8221;][\/vc_column][\/vc_row][vc_row css=&#8221;.vc_custom_1622176644146{padding-top: 80px !important;}&#8221;][vc_column width=&#8221;1\/2&#8243;][vc_single_image image=&#8221;2630&#8243; img_size=&#8221;full&#8221; alignment=&#8221;center&#8221;][\/vc_column][vc_column width=&#8221;1\/2&#8243;][vc_column_text]<\/p>\n<p class=\"p1\">Jurist. He was born on 5 February 1981.<\/p>\n<p class=\"p1\"><b>Education: <\/b><\/p>\n<p class=\"p1\">(2000-2004)<b> &#8211; <\/b>Free International University of Moldova, Faculty of Criminal Law;<\/p>\n<p class=\"p1\"><b>Military service:<\/b><\/p>\n<p class=\"p1\">(2005-2006)<b> <\/b>\u2013 sergeant in reserve, Border Guard Service.<\/p>\n<p>[\/vc_column_text][\/vc_column][\/vc_row][vc_row][vc_column css=&#8221;.vc_custom_1621963267875{margin-top: -10px !important;margin-bottom: -30px !important;}&#8221;][vc_separator color=&#8221;custom&#8221; border_width=&#8221;2&#8243; accent_color=&#8221;#003c68&#8243;][\/vc_column][\/vc_row][vc_row][vc_column][vc_custom_heading text=&#8221;Igor Curbet&#8221; font_container=&#8221;tag:h2|text_align:center&#8221; use_theme_fonts=&#8221;yes&#8221;][\/vc_column][\/vc_row][vc_row][vc_column width=&#8221;1\/2&#8243;][vc_single_image image=&#8221;2633&#8243; img_size=&#8221;full&#8221; alignment=&#8221;center&#8221;][\/vc_column][vc_column width=&#8221;1\/2&#8243;][vc_column_text]<\/p>\n<p class=\"p1\">Councillor of H\u00eerbov\u0103\u021bul Vechi Village Council. He was born on 18 February 1986.<\/p>\n<p class=\"p1\"><b>Education: <\/b><\/p>\n<p class=\"p1\">(2004-2007)<b> <\/b>\u2013 Faculty of Dentistry, National College of Medicine and Pharmacy, specialized in Dentistry;<\/p>\n<p class=\"p1\"><b>Professional activities:<\/b><\/p>\n<p class=\"p1\">(2007-2010) \u2013 dental technician, Dental Clinic of the Free International University of Moldova;<\/p>\n<p class=\"p1\">Since 2010 to the present \u2013 dental technician in a dental laboratory;<\/p>\n<p class=\"p1\">Since 2015 to the present \u2013 Councillor of H\u00eerbov\u0103\u021bul Vechi Village Council from the Political Party \u201cOur Party\u201d, Anenii Noi District;<\/p>\n<p class=\"p1\">Since 2019 to the present \u2013 coordinator of the Territorial Organization of the Political Party \u201cOur Party\u201d.<\/p>\n<p>[\/vc_column_text][\/vc_column][\/vc_row][vc_row][vc_column css=&#8221;.vc_custom_1621963267875{margin-top: -10px !important;margin-bottom: -30px !important;}&#8221;][vc_separator color=&#8221;custom&#8221; border_width=&#8221;2&#8243; accent_color=&#8221;#003c68&#8243;][\/vc_column][\/vc_row][vc_row][vc_column][vc_custom_heading text=&#8221;Ala Frunza&#8221; font_container=&#8221;tag:h2|text_align:center&#8221; use_theme_fonts=&#8221;yes&#8221;][\/vc_column][\/vc_row][vc_row][vc_column width=&#8221;1\/2&#8243;][vc_single_image image=&#8221;2636&#8243; img_size=&#8221;full&#8221; alignment=&#8221;center&#8221;][\/vc_column][vc_column width=&#8221;1\/2&#8243;][vc_column_text]<\/p>\n<p class=\"p1\">Eacher. She was born on 27 May 1967.<\/p>\n<p class=\"p1\"><b>Education: <\/b><\/p>\n<p class=\"p1\">(1984-1988) \u2013<b> <\/b>Alecu Russo<b> <\/b>State University of B\u0103l\u021bi, Faculty of Pedagogy and Methodology of Primary Education, specialized in Primary School Teaching;<\/p>\n<p class=\"p1\"><b>Professional activities:<\/b><\/p>\n<p class=\"p1\">(01.09.1988-15.09.1989) \u2013 teacher at F\u0103le\u0219ti\u2019s boarding school;<\/p>\n<p class=\"p1\">(15.09.1989-15.09.2011) \u2013 teacher of the Gymnasium No.3, F\u0103le\u0219ti;<\/p>\n<p class=\"p1\">(2011-2018) \u2013 teacher, public institution Gymnasium Grigore C\u0103runtu, F\u0103le\u0219ti;<\/p>\n<p class=\"p1\">Since 2018 to the present \u2013 teacher, public institution Theoretical lyceum Ion Creang\u0103, F\u0103le\u0219ti;<\/p>\n<p>[\/vc_column_text][\/vc_column][\/vc_row][vc_row][vc_column css=&#8221;.vc_custom_1621963267875{margin-top: -10px !important;margin-bottom: -30px !important;}&#8221;][vc_separator color=&#8221;custom&#8221; border_width=&#8221;2&#8243; accent_color=&#8221;#003c68&#8243;][\/vc_column][\/vc_row][vc_row][vc_column][vc_custom_heading text=&#8221;Olga Zubcova&#8221; font_container=&#8221;tag:h2|text_align:center&#8221; use_theme_fonts=&#8221;yes&#8221;][\/vc_column][\/vc_row][vc_row][vc_column width=&#8221;1\/2&#8243;][vc_single_image image=&#8221;2639&#8243; img_size=&#8221;full&#8221; alignment=&#8221;center&#8221;][\/vc_column][vc_column width=&#8221;1\/2&#8243;][vc_column_text]<\/p>\n<p class=\"p1\">Accountant. She was born on 31 May 1982.<\/p>\n<p class=\"p1\"><b>Education: <\/b><\/p>\n<p class=\"p1\">(1999-2002) \u2013 Agro-industrial College of Riscani;<\/p>\n<p class=\"p1\">(2005-2009) \u2013 university studies, Dniester Institute of Economy and Law;<\/p>\n<p class=\"p1\">(2016-2019) \u2013 postgraduate studies, Academy of Public Administration under the President of the Republic of Moldova, Chi\u0219in\u0103u.<\/p>\n<p class=\"p1\"><b>Professional activities:<\/b><\/p>\n<p class=\"p1\">(02.2003-02.08.2005) \u2013 operator, Post Office Riscani;<\/p>\n<p class=\"p1\">(03.08.2005-03.11.2008) \u2013 senior specialist in the field of Finance, Pensions, Management, Secretariat and Human Resources at the Military Centre of Riscani, Ministry of Defence of Moldova;<\/p>\n<p class=\"p1\">(03.11.2008-03.08.2020) \u2013 chief-accountant of the office of the Chairman of Riscani district;<\/p>\n<p class=\"p1\">Since 09.02.2021 to the present \u2013 specialist of Riscani\u2019s City Hall.<\/p>\n<p>[\/vc_column_text][\/vc_column][\/vc_row][vc_row][vc_column css=&#8221;.vc_custom_1621963267875{margin-top: -10px !important;margin-bottom: -30px !important;}&#8221;][vc_separator color=&#8221;custom&#8221; border_width=&#8221;2&#8243; accent_color=&#8221;#003c68&#8243;][\/vc_column][\/vc_row][vc_row][vc_column][vc_custom_heading text=&#8221;Cristina Craevscaia-Derenova&#8221; font_container=&#8221;tag:h2|text_align:center&#8221; use_theme_fonts=&#8221;yes&#8221;][\/vc_column][\/vc_row][vc_row][vc_column width=&#8221;1\/2&#8243;][vc_single_image image=&#8221;2642&#8243; img_size=&#8221;full&#8221; alignment=&#8221;center&#8221;][\/vc_column][vc_column width=&#8221;1\/2&#8243;][vc_column_text]<\/p>\n<p class=\"p1\">Councillor of the Municipal Council of B\u0103l\u021bi from the Political Party \u201cOur Party\u201d. Jurist, adjunct professor. She was born on 18 May 1981.<\/p>\n<p class=\"p1\"><b>Education: <\/b><\/p>\n<p class=\"p1\">(1999-2003) \u2013 Alecu Russo State University of B\u0103l\u021bi, Licentiate in Law. Author of more than ten scientific papers;<\/p>\n<p class=\"p1\">(2003-2004) \u2013 Academy of Sciences of Moldova, specialized in International Law and in Public International Law; Master of Laws.<\/p>\n<p class=\"p1\"><b>Professional activities:<\/b><\/p>\n<p class=\"p1\">(2003-2004) \u2013 adjunct professor;<\/p>\n<p class=\"p1\">Since 2004 to the present \u2013 chaired professor of Law, adjunct professor, Alecu Russo State University of B\u0103l\u021bi, Faculty of Law and Social Sciences;<\/p>\n<p class=\"p1\">Since 2006 to the present \u2013 member of the Institute of Administrative Sciences of Moldova.<\/p>\n<p>[\/vc_column_text][\/vc_column][\/vc_row][vc_row][vc_column css=&#8221;.vc_custom_1621963267875{margin-top: -10px !important;margin-bottom: -30px !important;}&#8221;][vc_separator color=&#8221;custom&#8221; border_width=&#8221;2&#8243; accent_color=&#8221;#003c68&#8243;][\/vc_column][\/vc_row][vc_row][vc_column][vc_custom_heading text=&#8221;Vasili Capsamun&#8221; font_container=&#8221;tag:h2|text_align:center&#8221; use_theme_fonts=&#8221;yes&#8221;][\/vc_column][\/vc_row][vc_row][vc_column width=&#8221;1\/2&#8243;][vc_single_image image=&#8221;2645&#8243; img_size=&#8221;full&#8221; alignment=&#8221;center&#8221;][\/vc_column][vc_column width=&#8221;1\/2&#8243;][vc_column_text]<\/p>\n<p class=\"p1\">Mayor of the village of Dezghingea, ATU G\u0103g\u0103uzia. He was born on 11 May 1993.<\/p>\n<p class=\"p1\"><b>Education: <\/b><\/p>\n<p class=\"p1\">(2012-2015) \u2013 Academy of Economic Studies of Moldova, Faculty of Banking and Finance;<\/p>\n<p class=\"p1\">(2015-2019) \u2013 Faculty of Law, Comrat State University;<\/p>\n<p class=\"p1\"><b>Professional activities:<\/b><\/p>\n<p class=\"p1\">(2015-2019) \u2013 Councillor of the village of Dezghingea;<\/p>\n<p class=\"p1\">(2016) \u2013 head of the Regional Youth Centre of ATU G\u0103g\u0103uzia;<\/p>\n<p class=\"p1\">Since 2019 to the present \u2013 Mayor of the village of Dezghingea, ATU G\u0103g\u0103uzia.<\/p>\n<p>[\/vc_column_text][\/vc_column][\/vc_row][vc_row][vc_column css=&#8221;.vc_custom_1621963267875{margin-top: -10px !important;margin-bottom: -30px !important;}&#8221;][vc_separator color=&#8221;custom&#8221; border_width=&#8221;2&#8243; accent_color=&#8221;#003c68&#8243;][\/vc_column][\/vc_row][vc_row][vc_column][vc_custom_heading text=&#8221;Oleg Simac&#8221; font_container=&#8221;tag:h2|text_align:center&#8221; use_theme_fonts=&#8221;yes&#8221;][\/vc_column][\/vc_row][vc_row][vc_column width=&#8221;1\/2&#8243;][vc_single_image image=&#8221;3023&#8243; img_size=&#8221;full&#8221; alignment=&#8221;center&#8221;][\/vc_column][vc_column width=&#8221;1\/2&#8243;][vc_column_text]<\/p>\n<p class=\"p1\">Mayor of the commune of Natalievca. He was born on 5 January 1981.<\/p>\n<p class=\"p1\"><b>Education: <\/b><\/p>\n<p class=\"p1\">(1998-2004) \u2013 The Baltic Institute of Ecology, Politics and Law;<\/p>\n<p class=\"p1\"><b>Professional activities:<\/b><\/p>\n<p class=\"p1\">Since 2015 to the present \u2013 Mayor of the commune of Natalievca, F\u0103le\u0219ti district.<\/p>\n<p>[\/vc_column_text][\/vc_column][\/vc_row][vc_row][vc_column css=&#8221;.vc_custom_1621963267875{margin-top: -10px !important;margin-bottom: -30px !important;}&#8221;][vc_separator color=&#8221;custom&#8221; border_width=&#8221;2&#8243; accent_color=&#8221;#003c68&#8243;][\/vc_column][\/vc_row][vc_row][vc_column][vc_custom_heading text=&#8221;Victor Crivoi&#8221; font_container=&#8221;tag:h2|text_align:center&#8221; use_theme_fonts=&#8221;yes&#8221;][\/vc_column][\/vc_row][vc_row][vc_column width=&#8221;1\/2&#8243;][vc_single_image image=&#8221;2965&#8243; img_size=&#8221;full&#8221; alignment=&#8221;center&#8221;][\/vc_column][vc_column width=&#8221;1\/2&#8243;][vc_column_text]<\/p>\n<p class=\"p1\">Mayor of the village of Mo\u0219ana. He was born on 20 August 1969.<\/p>\n<p class=\"p1\"><b>Education:<\/b><\/p>\n<p class=\"p1\">(1987-1990) \u2013 graduated from the Agricultural College of Naumovo, Russian Federation;<\/p>\n<p class=\"p1\"><b>Professional activities:<\/b><\/p>\n<p class=\"p1\">(1990-1992) \u2013 economist in a firm in the Pskov region, Russian Federation;<\/p>\n<p class=\"p1\">(1997-2015) \u2013 company director;<\/p>\n<p class=\"p1\">(2015-2021) \u2013 Mayor of the village of Mo\u0219ana, Dondu\u0219eni district.<\/p>\n<p>[\/vc_column_text][\/vc_column][\/vc_row][vc_row][vc_column css=&#8221;.vc_custom_1621963267875{margin-top: -10px !important;margin-bottom: -30px !important;}&#8221;][vc_separator color=&#8221;custom&#8221; border_width=&#8221;2&#8243; accent_color=&#8221;#003c68&#8243;][\/vc_column][\/vc_row][vc_row][vc_column][vc_custom_heading text=&#8221;Sergiu Butuc&#8221; font_container=&#8221;tag:h2|text_align:center&#8221; use_theme_fonts=&#8221;yes&#8221;][\/vc_column][\/vc_row][vc_row][vc_column width=&#8221;1\/2&#8243;][vc_single_image image=&#8221;2648&#8243; img_size=&#8221;full&#8221; alignment=&#8221;center&#8221;][\/vc_column][vc_column width=&#8221;1\/2&#8243;][vc_column_text]<\/p>\n<p class=\"p1\">Jurist. He was born on 9 February 1972.<\/p>\n<p class=\"p1\"><b>Education:<\/b><\/p>\n<p class=\"p1\">(1995-1999) \u2013 University of Humanistic Studies of the Republic of Moldova, Faculty of Law;<\/p>\n<p class=\"p1\">(2016-2018) \u2013 Master\u2019s studies in Education Management, Faculty of Law, Tiraspol State University.<\/p>\n<p class=\"p1\"><b>Professional activities:<\/b><\/p>\n<p class=\"p1\">(1999-2001) \u2013 jurist, Cantemir\u2019s City Hall;<\/p>\n<p class=\"p1\">(1999-2001) \u2013 senior specialist, jurisconsult, Cahul\u2019s county Prefect\u2019s office;<\/p>\n<p class=\"p1\">(2003-2005) \u2013 employed at Wine Company;<\/p>\n<p class=\"p1\">(2008-2012) \u2013 deputy chief of the Territorial Labour Inspectorate of Cahul;<\/p>\n<p class=\"p1\">(2008-2012) \u2013 jurisconsult at a Legal Consultation Office;<\/p>\n<p class=\"p1\">(2012-2015) \u2013 head of the Directorate of Social Assistance and Family Protection, Cantemir;<\/p>\n<p class=\"p1\">Since 2019 to the present \u2013 head of the Directorate of Social Assistance and Family Protection, Cantemir;<\/p>\n<p class=\"p1\">(2015-2019) \u2013 vice-chairman of Cantemir\u2019s District Council.<\/p>\n<p>[\/vc_column_text][\/vc_column][\/vc_row][vc_row][vc_column css=&#8221;.vc_custom_1621963267875{margin-top: -10px !important;margin-bottom: -30px !important;}&#8221;][vc_separator color=&#8221;custom&#8221; border_width=&#8221;2&#8243; accent_color=&#8221;#003c68&#8243;][\/vc_column][\/vc_row][vc_row][vc_column][vc_custom_heading text=&#8221;Valerii Pavlenco&#8221; font_container=&#8221;tag:h2|text_align:center&#8221; use_theme_fonts=&#8221;yes&#8221;][\/vc_column][\/vc_row][vc_row][vc_column width=&#8221;1\/2&#8243;][vc_single_image image=&#8221;3028&#8243; img_size=&#8221;full&#8221; alignment=&#8221;center&#8221;][\/vc_column][vc_column width=&#8221;1\/2&#8243;][vc_column_text]<\/p>\n<p class=\"p1\">Construction engineer. He was born on 25 September 1962.<\/p>\n<p class=\"p1\"><b>Education:<\/b><\/p>\n<p class=\"p1\">(1979-1984) &#8211; Chisinau Polytechnic Institute, Faculty of Construction and Civil Engineering.<\/p>\n<p class=\"p1\"><b>Professional activities:<\/b><\/p>\n<p class=\"p1\">(1984-1986) \u2013 construction foreman;<\/p>\n<p class=\"p1\">(1986-1989) \u2013 instructor, head of a department in Drochia District Council;<\/p>\n<p class=\"p1\">(1991-1999) \u2013 administrator of an enterprise;<\/p>\n<p class=\"p1\">(2001-2011) \u2013 administrator of an enterprise, Bra\u0219ov, Romania;<\/p>\n<p class=\"p1\">Since 2012 to the present \u2013 director of an enterprise.<\/p>\n<p>[\/vc_column_text][\/vc_column][\/vc_row][vc_row][vc_column css=&#8221;.vc_custom_1621963267875{margin-top: -10px !important;margin-bottom: -30px !important;}&#8221;][vc_separator color=&#8221;custom&#8221; border_width=&#8221;2&#8243; accent_color=&#8221;#003c68&#8243;][\/vc_column][\/vc_row][vc_row][vc_column][vc_custom_heading text=&#8221;Boris Dedov&#8221; font_container=&#8221;tag:h2|text_align:center&#8221; use_theme_fonts=&#8221;yes&#8221;][\/vc_column][\/vc_row][vc_row][vc_column width=&#8221;1\/2&#8243;][vc_single_image image=&#8221;3031&#8243; img_size=&#8221;full&#8221; alignment=&#8221;center&#8221;][\/vc_column][vc_column width=&#8221;1\/2&#8243;][vc_column_text]<\/p>\n<p class=\"p1\">Jurist. He was born on 30 March 1964.<\/p>\n<p class=\"p1\"><b>Education:<\/b><\/p>\n<p class=\"p1\">(1981-1982) \u2013 Technical school, specialization: lathe operator;<\/p>\n<p class=\"p1\">(1987-1989) \u2013 Police school, Bryansk, specialized in Law;<\/p>\n<p class=\"p1\">Participated in several military actions:<\/p>\n<p class=\"p1\">(1983-1985) \u2013 Afghanistan;<\/p>\n<p class=\"p1\">(1992) \u2013 Transnistria War;<span class=\"Apple-converted-space\">\u00a0 \u00a0<\/span><\/p>\n<p class=\"p1\">Holder of several military orders and medals.<\/p>\n<p class=\"p1\"><b>Professional activities:<\/b><\/p>\n<p class=\"p1\">(1985-2000) \u2013 employee of the Ministry of Internal Affairs of the Republic of Moldova;<\/p>\n<p class=\"p1\">(2001-2006) \u2013 head of security of &#8220;Agroindbank&#8221;, F\u0103le\u0219ti;<\/p>\n<p class=\"p1\">(2011-2014) \u2013 guard of &#8220;Argus&#8221; S.R.L.;<\/p>\n<p class=\"p1\">Since 2014 to the present \u2013 pensioner.<\/p>\n<p>[\/vc_column_text][\/vc_column][\/vc_row][vc_row][vc_column css=&#8221;.vc_custom_1621963267875{margin-top: -10px !important;margin-bottom: -30px !important;}&#8221;][vc_separator color=&#8221;custom&#8221; border_width=&#8221;2&#8243; accent_color=&#8221;#003c68&#8243;][\/vc_column][\/vc_row][vc_row][vc_column][vc_custom_heading text=&#8221;Sergiu Urecheanu&#8221; font_container=&#8221;tag:h2|text_align:center&#8221; use_theme_fonts=&#8221;yes&#8221;][\/vc_column][\/vc_row][vc_row][vc_column width=&#8221;1\/2&#8243;][vc_single_image image=&#8221;3036&#8243; img_size=&#8221;full&#8221; alignment=&#8221;center&#8221;][\/vc_column][vc_column width=&#8221;1\/2&#8243;][vc_column_text]<\/p>\n<p class=\"p1\">Dentist. He was born on 22 July 1966.<\/p>\n<p class=\"p1\"><b>Education:<\/b><\/p>\n<p class=\"p1\">(1992) \u2013 Nicolae Testemi\u021banu State University of Medicine and Pharmacy, specialized in Dentistry;<\/p>\n<p class=\"p1\">(2007) \u2013 Training courses in Dentistry.<\/p>\n<p class=\"p1\"><b>Professional activities:<\/b><\/p>\n<p class=\"p1\">(1992-1993) \u2013 dentist at the <i>Republican Dental Clinic of the Ministry of Health of the Republic of Moldova;<\/i><\/p>\n<p class=\"p1\">(1993-1996) \u2013 dentist at the Camenca District Hospital;<\/p>\n<p class=\"p1\">(1996-2006) \u2013 dentist at the Moldovan-German Medical Centre &#8220;SIGOR\u201d;<\/p>\n<p class=\"p1\">(2012-2021) \u2013 administrator of a company;<\/p>\n<p class=\"p1\">(2006-2021) \u2013 dentist, Medical centre, Chi\u0219in\u0103u.<\/p>\n<p>[\/vc_column_text][\/vc_column][\/vc_row][vc_row][vc_column css=&#8221;.vc_custom_1621963267875{margin-top: -10px !important;margin-bottom: -30px !important;}&#8221;][vc_separator color=&#8221;custom&#8221; border_width=&#8221;2&#8243; accent_color=&#8221;#003c68&#8243;][\/vc_column][\/vc_row][vc_row][vc_column][vc_custom_heading text=&#8221;Victor Grijuc&#8221; font_container=&#8221;tag:h2|text_align:center&#8221; use_theme_fonts=&#8221;yes&#8221;][\/vc_column][\/vc_row][vc_row][vc_column width=&#8221;1\/2&#8243;][vc_single_image image=&#8221;3069&#8243; img_size=&#8221;full&#8221; alignment=&#8221;center&#8221;][\/vc_column][vc_column width=&#8221;1\/2&#8243;][vc_column_text]<\/p>\n<p class=\"p1\">Lawyer. He was born on 11 January 1988.<\/p>\n<p class=\"p1\"><b>Education:<\/b><\/p>\n<p class=\"p1\">(2007-2011) \u2013 Moldova State University, Faculty of Law;<\/p>\n<p class=\"p1\">(2011-2013) \u2013 Alecu Russo State University of B\u0103l\u021bi, Faculty of Law; Master\u2019s studies;<\/p>\n<p class=\"p1\">(2013-2016) \u2013 University of Academy of Sciences of Moldova, Faculty of Law, specialized in Criminal Sciences and Criminology; Phd Candidate.<\/p>\n<p class=\"p1\"><b>Professional activities:<\/b><\/p>\n<p class=\"p1\">(2011-2012) \u2013 jurisconsult, B\u0103l\u021bi\u2019s City Hall;<\/p>\n<p class=\"p1\">(2012-2015) \u2013 trainee lawyer of B\u0103l\u021bi\u2019s Bar Association;<\/p>\n<p class=\"p1\">(2015-2019) \u2013 lawyer of B\u0103l\u021bi\u2019s Bar Association;<\/p>\n<p class=\"p1\">Since 2019 to the present \u2013 lawyer of Grijuc Victor\u2019s Lawyer Office.<\/p>\n<p>[\/vc_column_text][\/vc_column][\/vc_row][vc_row][vc_column css=&#8221;.vc_custom_1621963267875{margin-top: -10px !important;margin-bottom: -30px !important;}&#8221;][vc_separator color=&#8221;custom&#8221; border_width=&#8221;2&#8243; accent_color=&#8221;#003c68&#8243;][\/vc_column][\/vc_row][vc_row][vc_column][vc_custom_heading text=&#8221;Dmitri Siceac&#8221; font_container=&#8221;tag:h2|text_align:center&#8221; use_theme_fonts=&#8221;yes&#8221;][\/vc_column][\/vc_row][vc_row][vc_column width=&#8221;1\/2&#8243;][vc_single_image image=&#8221;3039&#8243; img_size=&#8221;full&#8221; alignment=&#8221;center&#8221;][\/vc_column][vc_column width=&#8221;1\/2&#8243;][vc_column_text]<\/p>\n<p class=\"p1\">Economist. He was born on 1 Octomber 1978.<\/p>\n<p class=\"p1\"><b>Education:<\/b><\/p>\n<p class=\"p1\">(1995-2000) &#8211; The International College of Administration and Business.<\/p>\n<p class=\"p1\"><b>Professional activities:<\/b><\/p>\n<p class=\"p1\">(2000-2001) \u2013 commercial director of a company;<\/p>\n<p class=\"p1\">(2009-2013) \u2013 house painter.<\/p>\n<p>[\/vc_column_text][\/vc_column][\/vc_row][vc_row][vc_column css=&#8221;.vc_custom_1621963267875{margin-top: -10px !important;margin-bottom: -30px !important;}&#8221;][vc_separator color=&#8221;custom&#8221; border_width=&#8221;2&#8243; accent_color=&#8221;#003c68&#8243;][\/vc_column][\/vc_row][vc_row][vc_column][vc_custom_heading text=&#8221;Vita Jucovscaia&#8221; font_container=&#8221;tag:h2|text_align:center&#8221; use_theme_fonts=&#8221;yes&#8221;][\/vc_column][\/vc_row][vc_row][vc_column width=&#8221;1\/2&#8243;][vc_single_image image=&#8221;3042&#8243; img_size=&#8221;full&#8221; alignment=&#8221;center&#8221;][\/vc_column][vc_column width=&#8221;1\/2&#8243;][vc_column_text]<\/p>\n<p class=\"p1\">Manager. She was born on 28 February 1973.<\/p>\n<p class=\"p1\"><b>Education:<\/b><\/p>\n<p class=\"p1\">(1991-1994) \u2013 Cooperative College, Odessa, Ukraine;<\/p>\n<p class=\"p1\">(1990-1991) \u2013 Vocational school of trade, Bilhorod-Dnistrovskyi, Ukraine;<\/p>\n<p class=\"p1\"><b>Professional activities:<\/b><\/p>\n<p class=\"p1\">(1999-2000) &#8211; early Childhood Educator, Nursery, Basarabeasca;<\/p>\n<p class=\"p1\">(2000-2004) \u2013 administrator, Nursery, Basarabeasca;<\/p>\n<p class=\"p1\">Since 2004 to the present \u2013 manager.<\/p>\n<p>[\/vc_column_text][\/vc_column][\/vc_row][vc_row][vc_column css=&#8221;.vc_custom_1621963267875{margin-top: -10px !important;margin-bottom: -30px !important;}&#8221;][vc_separator color=&#8221;custom&#8221; border_width=&#8221;2&#8243; accent_color=&#8221;#003c68&#8243;][\/vc_column][\/vc_row][vc_row][vc_column][vc_custom_heading text=&#8221;Clavdia G\u00eertopan&#8221; font_container=&#8221;tag:h2|text_align:center&#8221; use_theme_fonts=&#8221;yes&#8221;][\/vc_column][\/vc_row][vc_row][vc_column width=&#8221;1\/2&#8243;][vc_single_image image=&#8221;3045&#8243; img_size=&#8221;full&#8221; alignment=&#8221;center&#8221;][\/vc_column][vc_column width=&#8221;1\/2&#8243;][vc_column_text]<\/p>\n<p class=\"p1\">Accountant. She was born on 2 October 1960.<\/p>\n<p class=\"p1\"><b>Education:<\/b><\/p>\n<p class=\"p1\">(1977-1978) \u2013 College, Varni\u021ba, specialized in Accounting;<\/p>\n<p class=\"p1\"><b>Professional activities:<\/b><\/p>\n<p class=\"p1\">(1978-2013) \u2013 telecommunications operator, \u201cMOLDTELECOM\u201d, Ocni\u021ba;<\/p>\n<p>[\/vc_column_text][\/vc_column][\/vc_row][vc_row][vc_column css=&#8221;.vc_custom_1621963267875{margin-top: -10px !important;margin-bottom: -30px !important;}&#8221;][vc_separator color=&#8221;custom&#8221; border_width=&#8221;2&#8243; accent_color=&#8221;#003c68&#8243;][\/vc_column][\/vc_row][vc_row][vc_column][vc_custom_heading text=&#8221;Svetlana Prutean&#8221; font_container=&#8221;tag:h2|text_align:center&#8221; use_theme_fonts=&#8221;yes&#8221;][\/vc_column][\/vc_row][vc_row][vc_column width=&#8221;1\/2&#8243;][vc_single_image image=&#8221;3048&#8243; img_size=&#8221;full&#8221; alignment=&#8221;center&#8221;][\/vc_column][vc_column width=&#8221;1\/2&#8243;][vc_column_text]<\/p>\n<p class=\"p1\">Teacher. She was born on 21 February 1970.<\/p>\n<p class=\"p1\"><b>Education:<\/b><\/p>\n<p class=\"p1\">(1991) &#8211; T. Shevchenko State Pedagogical Institute, Tiraspol;<\/p>\n<p class=\"p1\">(2016) &#8211; Academy of Public Administration under the President of the Republic of Moldova; Master in Political Sciences.<\/p>\n<p class=\"p1\"><b>Professional activities:<\/b><\/p>\n<p class=\"p1\">(1991-2008) \u2013 teacher of the Theoretical Lyceum Alexandru cel Bun, Slobozia village;<\/p>\n<p class=\"p1\">(2008-2016) \u2013 Directorate of Social Assistance and Family Protection, \u0218tefan Vod\u0103;<\/p>\n<p class=\"p1\">(2010-2020) \u2013 administrator, Limited Liability Company;<\/p>\n<p class=\"p1\">(2015-2019) \u2013 Councillor of \u0218tefan Vod\u0103 District Council;<\/p>\n<p class=\"p1\">Since 2020 to the present \u2013 senior specialist, office of the Chairman of \u0218tefan Vod\u0103 District Council.<\/p>\n<p>[\/vc_column_text][\/vc_column][\/vc_row][vc_row][vc_column css=&#8221;.vc_custom_1621963267875{margin-top: -10px !important;margin-bottom: -30px !important;}&#8221;][vc_separator color=&#8221;custom&#8221; border_width=&#8221;2&#8243; accent_color=&#8221;#003c68&#8243;][\/vc_column][\/vc_row][vc_row][vc_column][vc_custom_heading text=&#8221;Marina Strugaru&#8221; font_container=&#8221;tag:h2|text_align:center&#8221; use_theme_fonts=&#8221;yes&#8221;][\/vc_column][\/vc_row][vc_row][vc_column width=&#8221;1\/2&#8243;][vc_single_image image=&#8221;3076&#8243; img_size=&#8221;full&#8221; alignment=&#8221;center&#8221;][\/vc_column][vc_column width=&#8221;1\/2&#8243;][vc_column_text]<\/p>\n<p class=\"p1\">Political Scientist, Jurist. She was born on 1 December 1981.<\/p>\n<p class=\"p1\"><b>Education:<\/b><\/p>\n<p class=\"p1\">(2000-2004) &#8211; Faculty of International Relations, Political Sciences and Public Administration, Moldova State University;<\/p>\n<p class=\"p1\"><b>Professional activities:<\/b><\/p>\n<p class=\"p2\">(2004-2011) \u2013 senior inspector in the field of Human Resources and Passports, Cooperative<span class=\"s2\"> College of the Republic of Moldova;<\/span><\/p>\n<p class=\"p1\">(2011-2014) \u2013 teacher of the Dormitory No.2, <span class=\"s2\">Cooperative<\/span> College of the Republic of Moldova;<\/p>\n<p class=\"p1\">(2019-2020) \u2013 expert creditor, Microcredit Organization.<\/p>\n<p>[\/vc_column_text][\/vc_column][\/vc_row][vc_row][vc_column css=&#8221;.vc_custom_1621963267875{margin-top: -10px !important;margin-bottom: -30px !important;}&#8221;][vc_separator color=&#8221;custom&#8221; border_width=&#8221;2&#8243; accent_color=&#8221;#003c68&#8243;][\/vc_column][\/vc_row][vc_row][vc_column][vc_custom_heading text=&#8221;Valeriu Petroe&#8221; font_container=&#8221;tag:h2|text_align:center&#8221; use_theme_fonts=&#8221;yes&#8221;][\/vc_column][\/vc_row][vc_row][vc_column width=&#8221;1\/2&#8243;][vc_single_image image=&#8221;3073&#8243; img_size=&#8221;full&#8221; alignment=&#8221;center&#8221;][\/vc_column][vc_column width=&#8221;1\/2&#8243;][vc_column_text]<\/p>\n<p class=\"p1\">Engineer. He was born on 26 November 1970.<\/p>\n<p class=\"p1\"><b>Education:<\/b><\/p>\n<p class=\"p1\">(1988-2000) \u2013 Licentiate in Engineering and Management of Machine Construction, Technical University of Moldova;<\/p>\n<p class=\"p1\"><b>Professional activities:<\/b><\/p>\n<p class=\"p1\">(1998-1999) \u2013 administrator of a company;<\/p>\n<p class=\"p1\">(1999-2001) \u2013 manager in the field of food industry;<\/p>\n<p class=\"p1\">(2002-2005) \u2013 deputy director of a company;<\/p>\n<p class=\"p1\">(2005-2007) \u2013 regional trade agent, Sales Department;<\/p>\n<p class=\"p1\">(2008-2019) \u2013 regional team leader, Sales Department;<\/p>\n<p class=\"p1\">Since 2019 to the present \u2013 manager of a company;<\/p>\n<p class=\"p1\">Since 2021 to the present \u2013 head of a store in Cahul.<\/p>\n<p>[\/vc_column_text][\/vc_column][\/vc_row][vc_row][vc_column css=&#8221;.vc_custom_1621963267875{margin-top: -10px !important;margin-bottom: -30px !important;}&#8221;][vc_separator color=&#8221;custom&#8221; border_width=&#8221;2&#8243; accent_color=&#8221;#003c68&#8243;][\/vc_column][\/vc_row][vc_row][vc_column][vc_custom_heading text=&#8221;Marian Lupan&#8221; font_container=&#8221;tag:h2|text_align:center&#8221; use_theme_fonts=&#8221;yes&#8221;][\/vc_column][\/vc_row][vc_row][vc_column width=&#8221;1\/2&#8243;][vc_single_image image=&#8221;3229&#8243; img_size=&#8221;full&#8221; alignment=&#8221;center&#8221;][\/vc_column][vc_column width=&#8221;1\/2&#8243;][vc_column_text]<\/p>\n<p dir=\"ltr\">Inginer silvic. N\u0103scut \u00een 28 august 1977.<\/p>\n<p dir=\"ltr\"><strong>Studii:\u00a0<\/strong><\/p>\n<p dir=\"ltr\">(1992-1997) &#8211; Colegiul Pedagogic \u201cVasile Lupu\u201d, or. Orhei, specialitate Pedagogia claselor primare;<\/p>\n<p dir=\"ltr\">(2006-2011) &#8211; Universitatea Liber\u0103 Interna\u021bional\u0103 din Moldova, licen\u021biat \u00een Silvicultur\u0103 \u0219i gr\u0103dini publice;<\/p>\n<p dir=\"ltr\">(2011-2013) &#8211; Universitatea Liber\u0103 Interna\u021bional\u0103 din Moldova, masterat \u00een Silvicultur\u0103 \u0219i gr\u0103dini publice;<\/p>\n<p dir=\"ltr\">(2016-2019) &#8211; Academia de Administra\u021bie Public\u0103 pe l\u00e2ng\u0103 pre\u0219edintele Republicii Moldova, magistru \u00een Administra\u021bia Public\u0103.<\/p>\n<p dir=\"ltr\"><strong>Activit\u0103\u021bi profesionale:<\/strong><\/p>\n<p dir=\"ltr\">(15.05.2010-21.09.2010) &#8211;\u00a0 inginer cinegetic la \u00centreprinderea pentru Silvicultur\u0103 Orhei;<\/p>\n<p dir=\"ltr\">(21.09.2010-21.09.2011) &#8211;\u00a0 \u0219ef la Ocolul Silvic Susleni, \u00centreprinderea pentru Silvicultur\u0103 Orhei;<\/p>\n<p dir=\"ltr\">(22.09.2011-01.04.2015) &#8211; \u0219ef la Ocolul Silvic Pohrebeni,\u00a0 \u00centreprinderea pentru Silvicultur\u0103 Orhei.<\/p>\n<p>[\/vc_column_text][\/vc_column][\/vc_row][vc_row][vc_column css=&#8221;.vc_custom_1621963267875{margin-top: -10px !important;margin-bottom: -30px !important;}&#8221;][vc_separator color=&#8221;custom&#8221; border_width=&#8221;2&#8243; accent_color=&#8221;#003c68&#8243;][\/vc_column][\/vc_row][vc_row][vc_column][vc_custom_heading text=&#8221;Cristina Crudu&#8221; font_container=&#8221;tag:h2|text_align:center&#8221; use_theme_fonts=&#8221;yes&#8221;][\/vc_column][\/vc_row][vc_row][vc_column width=&#8221;1\/2&#8243;][vc_single_image image=&#8221;3232&#8243; img_size=&#8221;full&#8221; alignment=&#8221;center&#8221;][\/vc_column][vc_column width=&#8221;1\/2&#8243;][vc_column_text]<\/p>\n<p dir=\"ltr\">Contabil, n\u0103scut\u0103 \u00een 22 iulie 1985.<\/p>\n<p dir=\"ltr\"><strong>Studii:<\/strong><\/p>\n<p dir=\"ltr\">(2001-2004) &#8211; Colegiul Agroindustrial Grin\u0103u\u021bi;<\/p>\n<p dir=\"ltr\">(2005-2008) &#8211; Colegiul Agricol din s. \u021aaul;<\/p>\n<p dir=\"ltr\">Din 2017 p\u00e2n\u0103 \u00een prezent &#8211; Universitatea de Stat Alecu Russo din B\u0103l\u021bi, Facultatea de Drept \u0219i \u0218tiin\u021be Sociale;<\/p>\n<p dir=\"ltr\"><strong>Activit\u0103\u021bi profesionale:<\/strong><\/p>\n<p dir=\"ltr\">Din 2017 p\u00e2n\u0103 \u00een prezent &#8211; administrator, Gospod\u0103rie \u021b\u0103r\u0103neasc\u0103.<\/p>\n<p>[\/vc_column_text][\/vc_column][\/vc_row][vc_row][vc_column css=&#8221;.vc_custom_1621963267875{margin-top: -10px !important;margin-bottom: -30px !important;}&#8221;][vc_separator color=&#8221;custom&#8221; border_width=&#8221;2&#8243; accent_color=&#8221;#003c68&#8243;][\/vc_column][\/vc_row][vc_row][vc_column][vc_custom_heading text=&#8221;Olga Cornie\u021b&#8221; font_container=&#8221;tag:h2|text_align:center&#8221; use_theme_fonts=&#8221;yes&#8221;][\/vc_column][\/vc_row][vc_row][vc_column width=&#8221;1\/2&#8243;][vc_single_image image=&#8221;3235&#8243; img_size=&#8221;full&#8221; alignment=&#8221;center&#8221;][\/vc_column][vc_column width=&#8221;1\/2&#8243;][vc_column_text]<\/p>\n<p dir=\"ltr\">Medic, n\u0103scut\u0103 \u00een 23 ianuarie 1981.<\/p>\n<p dir=\"ltr\"><strong>Studii:\u00a0<\/strong><\/p>\n<p dir=\"ltr\">(1998-2004) &#8211; Universitatea de Stat de Medicin\u0103 \u015fi Farmacie &#8220;Nicolae Testemi\u021banu&#8221;, Facultatea Medicin\u0103 General\u0103;<\/p>\n<p dir=\"ltr\">(2004-2007) &#8211; Universitatea de Stat de Medicin\u0103 \u015fi Farmacie &#8220;Nicolae Testemi\u021banu&#8221;, Facultatea Imagistic\u0103;<\/p>\n<p dir=\"ltr\">(2004-2008) &#8211; Universitatea de Stat din Moldova, Facultatea Drept economic;<\/p>\n<p dir=\"ltr\">(2017-2019) &#8211; Universitatea de Stat Alecu Russo din B\u0103l\u021bi, Facultatea;<\/p>\n<p dir=\"ltr\"><strong>Activit\u0103\u021bi profesionale:<\/strong><\/p>\n<p dir=\"ltr\">(2007-2009) &#8211; Spitalul Clinic Municipal B\u0103l\u021bi, medic imagist;<\/p>\n<p dir=\"ltr\">(2009-2011) &#8211; Centrul Medicilor de Familie B\u0103l\u021bi, medic imagist;<\/p>\n<p dir=\"ltr\">Din 2011 p\u00e2n\u0103 \u00een prezent &#8211; medic imagist, Centru medical privat.<\/p>\n<p>[\/vc_column_text][\/vc_column][\/vc_row][vc_row][vc_column css=&#8221;.vc_custom_1621963267875{margin-top: -10px !important;margin-bottom: -30px !important;}&#8221;][vc_separator color=&#8221;custom&#8221; border_width=&#8221;2&#8243; accent_color=&#8221;#003c68&#8243;][\/vc_column][\/vc_row][vc_row][vc_column][vc_custom_heading text=&#8221;Ghennadi Russu&#8221; font_container=&#8221;tag:h2|text_align:center&#8221; use_theme_fonts=&#8221;yes&#8221;][\/vc_column][\/vc_row][vc_row][vc_column width=&#8221;1\/2&#8243;][vc_single_image image=&#8221;3238&#8243; img_size=&#8221;full&#8221; alignment=&#8221;center&#8221;][\/vc_column][vc_column width=&#8221;1\/2&#8243;][vc_column_text]<\/p>\n<p dir=\"ltr\">Jurist, n\u0103scut \u00een 22 noiembrie 1965.<\/p>\n<p dir=\"ltr\"><strong>Studii:<\/strong><\/p>\n<p dir=\"ltr\">(1984-1986) &#8211; serviciul militar la Flota Militara a fostei URSS, or. Sevastopol;<\/p>\n<p dir=\"ltr\">(2000-2006) &#8211; Universitatea de Studii Europene din Moldova, Facultatea Drept Penal.<\/p>\n<p dir=\"ltr\"><strong>Activit\u0103\u021bi profesionale:\u00a0<\/strong><\/p>\n<p dir=\"ltr\">(1986-1988) &#8211; profesor de tehnologie;<\/p>\n<p dir=\"ltr\">(1988-1991) &#8211; Combinatul de produse lactate din or. Cupcini;<\/p>\n<p dir=\"ltr\">(1991-1993) \u2013 angajat C\u0103ile Ferate, regiunea Habarovsk, Federa\u021bia Rus\u0103;<\/p>\n<p dir=\"ltr\">(1993-2009) \u2013 angajat al Ministerului de Interne al Republicii Moldova.<\/p>\n<p>[\/vc_column_text][\/vc_column][\/vc_row][vc_row][vc_column css=&#8221;.vc_custom_1621963267875{margin-top: -10px !important;margin-bottom: -30px !important;}&#8221;][vc_separator color=&#8221;custom&#8221; border_width=&#8221;2&#8243; accent_color=&#8221;#003c68&#8243;][\/vc_column][\/vc_row][vc_row][vc_column][vc_custom_heading text=&#8221;Natalia Corolenco&#8221; font_container=&#8221;tag:h2|text_align:center&#8221; use_theme_fonts=&#8221;yes&#8221;][\/vc_column][\/vc_row][vc_row][vc_column width=&#8221;1\/2&#8243;][vc_single_image image=&#8221;3241&#8243; img_size=&#8221;full&#8221; alignment=&#8221;center&#8221;][\/vc_column][vc_column width=&#8221;1\/2&#8243;][vc_column_text]<\/p>\n<p dir=\"ltr\">Economistn n\u0103scut\u0103 \u00een 28 ianuarie 1981.<\/p>\n<p dir=\"ltr\"><strong>Studii:\u00a0<\/strong><\/p>\n<p dir=\"ltr\">(1998-2003) &#8211; Universitatea Liber\u0103 Interna\u021bional\u0103 din Moldova. Specialitatea Finan\u021be \u0219i taxe.<\/p>\n<p dir=\"ltr\"><strong>Activit\u0103\u021bi profesionale:\u00a0<\/strong><\/p>\n<p dir=\"ltr\">(2000-2015) &#8211; administrator, Salon de mobil\u0103;<\/p>\n<p dir=\"ltr\">(2011-2015) &#8211; director comercial, firm\u0103;<\/p>\n<p dir=\"ltr\">(2015-2018) &#8211; administrator, companie;<\/p>\n<p dir=\"ltr\">Din 2018 p\u00e2n\u0103 \u00een prezent &#8211; director comercial, companie.<\/p>\n<p>[\/vc_column_text][\/vc_column][\/vc_row][vc_row][vc_column css=&#8221;.vc_custom_1621963267875{margin-top: -10px !important;margin-bottom: -30px !important;}&#8221;][vc_separator color=&#8221;custom&#8221; border_width=&#8221;2&#8243; accent_color=&#8221;#003c68&#8243;][\/vc_column][\/vc_row][vc_row][vc_column width=&#8221;1\/6&#8243;][\/vc_column][vc_column width=&#8221;2\/3&#8243;][vc_empty_space height=&#8221;10px&#8221;][vc_column_text]<\/p>\n<p style=\"text-align: center;\">The CVs of the other 53 candidates for the position of deputy, from the list of the electoral bloc \u201cRENATO USAT\u00ceI\u201d, are in progress. They will be published as soon as they are ready.<\/p>\n<p>[\/vc_column_text][\/vc_column][vc_column width=&#8221;1\/6&#8243;][\/vc_column][\/vc_row]<\/p>\n","protected":false},"excerpt":{"rendered":"<p>[vc_row][vc_column][vc_custom_heading text=&#8221;Electoral bloc \u201cRENATO USATI\u0302I\u201d Parliamentary Candidates&#8221; font_container=&#8221;tag:h2|text_align:center&#8221; use_theme_fonts=&#8221;yes&#8221;][\/vc_column][\/vc_row][vc_row][vc_column css=&#8221;.vc_custom_1621963267875{margin-top: -10px !important;margin-bottom: -30px !important;}&#8221;][vc_separator color=&#8221;custom&#8221; border_width=&#8221;2&#8243; accent_color=&#8221;#003c68&#8243;][\/vc_column][\/vc_row][vc_row][vc_column][vc_custom_heading text=&#8221;Renato Usati\u0302i&#8221; font_container=&#8221;tag:h2|text_align:center&#8221; use_theme_fonts=&#8221;yes&#8221;][\/vc_column][\/vc_row][vc_row][vc_column width=&#8221;1\/2&#8243;][vc_single_image image=&#8221;2958&#8243; img_size=&#8221;full&#8221; alignment=&#8221;center&#8221;][\/vc_column][vc_column width=&#8221;1\/2&#8243;][vc_column_text css=&#8221;.vc_custom_1623127860935{padding-top: 10px !important;}&#8221;] Chairman of the Political Party \u201cOur Party\u201d, Leader of the Electoral Bloc \u201cRENATO USAT\u00ceI\u201d. Born on 4 November 1978. Education: (1996-2000) \u2013\u00a0Faculty of Foreign Languages and [&hellip;]<\/p>\n","protected":false},"author":1,"featured_media":6980,"parent":0,"menu_order":0,"comment_status":"closed","ping_status":"closed","template":"","meta":{"footnotes":""},"yoast_head":"<!-- This site is optimized with the Yoast SEO plugin v23.9 - https:\/\/yoast.com\/wordpress\/plugins\/seo\/ -->\n<title>Candidates List - Renato Usat\u00eei<\/title>\n<meta name=\"robots\" content=\"index, follow, max-snippet:-1, max-image-preview:large, max-video-preview:-1\" \/>\n<link rel=\"canonical\" href=\"https:\/\/ru1.md\/en\/candidates-list\/\" \/>\n<meta property=\"og:locale\" content=\"en_US\" \/>\n<meta property=\"og:type\" content=\"article\" \/>\n<meta property=\"og:title\" content=\"Candidates List - Renato Usat\u00eei\" \/>\n<meta property=\"og:description\" content=\"[vc_row][vc_column][vc_custom_heading text=&#8221;Electoral bloc \u201cRENATO USATI\u0302I\u201d Parliamentary Candidates&#8221; font_container=&#8221;tag:h2|text_align:center&#8221; use_theme_fonts=&#8221;yes&#8221;][\/vc_column][\/vc_row][vc_row][vc_column css=&#8221;.vc_custom_1621963267875{margin-top: -10px !important;margin-bottom: -30px !important;}&#8221;][vc_separator color=&#8221;custom&#8221; border_width=&#8221;2&#8243; accent_color=&#8221;#003c68&#8243;][\/vc_column][\/vc_row][vc_row][vc_column][vc_custom_heading text=&#8221;Renato Usati\u0302i&#8221; font_container=&#8221;tag:h2|text_align:center&#8221; use_theme_fonts=&#8221;yes&#8221;][\/vc_column][\/vc_row][vc_row][vc_column width=&#8221;1\/2&#8243;][vc_single_image image=&#8221;2958&#8243; img_size=&#8221;full&#8221; alignment=&#8221;center&#8221;][\/vc_column][vc_column width=&#8221;1\/2&#8243;][vc_column_text css=&#8221;.vc_custom_1623127860935{padding-top: 10px !important;}&#8221;] Chairman of the Political Party \u201cOur Party\u201d, Leader of the Electoral Bloc \u201cRENATO USAT\u00ceI\u201d. Born on 4 November 1978. Education: (1996-2000) \u2013\u00a0Faculty of Foreign Languages and [&hellip;]\" \/>\n<meta property=\"og:url\" content=\"https:\/\/ru1.md\/en\/candidates-list\/\" \/>\n<meta property=\"og:site_name\" content=\"Renato Usat\u00eei\" \/>\n<meta property=\"article:modified_time\" content=\"2021-06-10T06:42:46+00:00\" \/>\n<meta property=\"og:image\" content=\"https:\/\/ru1.md\/wp-content\/uploads\/2021\/07\/noi-echipa.png\" \/>\n\t<meta property=\"og:image:width\" content=\"1349\" \/>\n\t<meta property=\"og:image:height\" content=\"967\" \/>\n\t<meta property=\"og:image:type\" content=\"image\/png\" \/>\n<meta name=\"twitter:card\" content=\"summary_large_image\" \/>\n<meta name=\"twitter:label1\" content=\"Est. reading time\" \/>\n\t<meta name=\"twitter:data1\" content=\"24 minutes\" \/>\n<script type=\"application\/ld+json\" class=\"yoast-schema-graph\">{\"@context\":\"https:\/\/schema.org\",\"@graph\":[{\"@type\":\"WebPage\",\"@id\":\"https:\/\/ru1.md\/en\/candidates-list\/\",\"url\":\"https:\/\/ru1.md\/en\/candidates-list\/\",\"name\":\"Candidates List - Renato Usat\u00eei\",\"isPartOf\":{\"@id\":\"https:\/\/ru1.md\/#website\"},\"primaryImageOfPage\":{\"@id\":\"https:\/\/ru1.md\/en\/candidates-list\/#primaryimage\"},\"image\":{\"@id\":\"https:\/\/ru1.md\/en\/candidates-list\/#primaryimage\"},\"thumbnailUrl\":\"https:\/\/ru1.md\/wp-content\/uploads\/2021\/07\/noi-echipa.png\",\"datePublished\":\"2021-06-08T04:55:05+00:00\",\"dateModified\":\"2021-06-10T06:42:46+00:00\",\"breadcrumb\":{\"@id\":\"https:\/\/ru1.md\/en\/candidates-list\/#breadcrumb\"},\"inLanguage\":\"en-US\",\"potentialAction\":[{\"@type\":\"ReadAction\",\"target\":[\"https:\/\/ru1.md\/en\/candidates-list\/\"]}]},{\"@type\":\"ImageObject\",\"inLanguage\":\"en-US\",\"@id\":\"https:\/\/ru1.md\/en\/candidates-list\/#primaryimage\",\"url\":\"https:\/\/ru1.md\/wp-content\/uploads\/2021\/07\/noi-echipa.png\",\"contentUrl\":\"https:\/\/ru1.md\/wp-content\/uploads\/2021\/07\/noi-echipa.png\",\"width\":1349,\"height\":967},{\"@type\":\"BreadcrumbList\",\"@id\":\"https:\/\/ru1.md\/en\/candidates-list\/#breadcrumb\",\"itemListElement\":[{\"@type\":\"ListItem\",\"position\":1,\"name\":\"Prima pagin\u0103\",\"item\":\"https:\/\/ru1.md\/en\/\"},{\"@type\":\"ListItem\",\"position\":2,\"name\":\"Candidates List\"}]},{\"@type\":\"WebSite\",\"@id\":\"https:\/\/ru1.md\/#website\",\"url\":\"https:\/\/ru1.md\/\",\"name\":\"Renato Usat\u00eei\",\"description\":\"RU1.md\",\"publisher\":{\"@id\":\"https:\/\/ru1.md\/#\/schema\/person\/8d5d1d7cfffb772cf1e54e407fdcc2d0\"},\"alternateName\":\"\u0420\u0435\u043d\u0430\u0442\u043e \u0423\u0441\u0430\u0442\u044b\u0439\ufeff\",\"potentialAction\":[{\"@type\":\"SearchAction\",\"target\":{\"@type\":\"EntryPoint\",\"urlTemplate\":\"https:\/\/ru1.md\/?s={search_term_string}\"},\"query-input\":{\"@type\":\"PropertyValueSpecification\",\"valueRequired\":true,\"valueName\":\"search_term_string\"}}],\"inLanguage\":\"en-US\"},{\"@type\":[\"Person\",\"Organization\"],\"@id\":\"https:\/\/ru1.md\/#\/schema\/person\/8d5d1d7cfffb772cf1e54e407fdcc2d0\",\"name\":\"pnru.web\",\"image\":{\"@type\":\"ImageObject\",\"inLanguage\":\"en-US\",\"@id\":\"https:\/\/ru1.md\/#\/schema\/person\/image\/\",\"url\":\"https:\/\/ru1.md\/wp-content\/uploads\/2021\/05\/usatii-voronin-va-fi-folosit-de-dodon.jpeg\",\"contentUrl\":\"https:\/\/ru1.md\/wp-content\/uploads\/2021\/05\/usatii-voronin-va-fi-folosit-de-dodon.jpeg\",\"width\":1920,\"height\":1276,\"caption\":\"pnru.web\"},\"logo\":{\"@id\":\"https:\/\/ru1.md\/#\/schema\/person\/image\/\"},\"sameAs\":[\"http:\/\/n2.ru1.md\"]}]}<\/script>\n<!-- \/ Yoast SEO plugin. -->","yoast_head_json":{"title":"Candidates List - Renato Usat\u00eei","robots":{"index":"index","follow":"follow","max-snippet":"max-snippet:-1","max-image-preview":"max-image-preview:large","max-video-preview":"max-video-preview:-1"},"canonical":"https:\/\/ru1.md\/en\/candidates-list\/","og_locale":"en_US","og_type":"article","og_title":"Candidates List - Renato Usat\u00eei","og_description":"[vc_row][vc_column][vc_custom_heading text=&#8221;Electoral bloc \u201cRENATO USATI\u0302I\u201d Parliamentary Candidates&#8221; font_container=&#8221;tag:h2|text_align:center&#8221; use_theme_fonts=&#8221;yes&#8221;][\/vc_column][\/vc_row][vc_row][vc_column css=&#8221;.vc_custom_1621963267875{margin-top: -10px !important;margin-bottom: -30px !important;}&#8221;][vc_separator color=&#8221;custom&#8221; border_width=&#8221;2&#8243; accent_color=&#8221;#003c68&#8243;][\/vc_column][\/vc_row][vc_row][vc_column][vc_custom_heading text=&#8221;Renato Usati\u0302i&#8221; font_container=&#8221;tag:h2|text_align:center&#8221; use_theme_fonts=&#8221;yes&#8221;][\/vc_column][\/vc_row][vc_row][vc_column width=&#8221;1\/2&#8243;][vc_single_image image=&#8221;2958&#8243; img_size=&#8221;full&#8221; alignment=&#8221;center&#8221;][\/vc_column][vc_column width=&#8221;1\/2&#8243;][vc_column_text css=&#8221;.vc_custom_1623127860935{padding-top: 10px !important;}&#8221;] Chairman of the Political Party \u201cOur Party\u201d, Leader of the Electoral Bloc \u201cRENATO USAT\u00ceI\u201d. Born on 4 November 1978. Education: (1996-2000) \u2013\u00a0Faculty of Foreign Languages and [&hellip;]","og_url":"https:\/\/ru1.md\/en\/candidates-list\/","og_site_name":"Renato Usat\u00eei","article_modified_time":"2021-06-10T06:42:46+00:00","og_image":[{"width":1349,"height":967,"url":"https:\/\/ru1.md\/wp-content\/uploads\/2021\/07\/noi-echipa.png","type":"image\/png"}],"twitter_card":"summary_large_image","twitter_misc":{"Est. reading time":"24 minutes"},"schema":{"@context":"https:\/\/schema.org","@graph":[{"@type":"WebPage","@id":"https:\/\/ru1.md\/en\/candidates-list\/","url":"https:\/\/ru1.md\/en\/candidates-list\/","name":"Candidates List - Renato Usat\u00eei","isPartOf":{"@id":"https:\/\/ru1.md\/#website"},"primaryImageOfPage":{"@id":"https:\/\/ru1.md\/en\/candidates-list\/#primaryimage"},"image":{"@id":"https:\/\/ru1.md\/en\/candidates-list\/#primaryimage"},"thumbnailUrl":"https:\/\/ru1.md\/wp-content\/uploads\/2021\/07\/noi-echipa.png","datePublished":"2021-06-08T04:55:05+00:00","dateModified":"2021-06-10T06:42:46+00:00","breadcrumb":{"@id":"https:\/\/ru1.md\/en\/candidates-list\/#breadcrumb"},"inLanguage":"en-US","potentialAction":[{"@type":"ReadAction","target":["https:\/\/ru1.md\/en\/candidates-list\/"]}]},{"@type":"ImageObject","inLanguage":"en-US","@id":"https:\/\/ru1.md\/en\/candidates-list\/#primaryimage","url":"https:\/\/ru1.md\/wp-content\/uploads\/2021\/07\/noi-echipa.png","contentUrl":"https:\/\/ru1.md\/wp-content\/uploads\/2021\/07\/noi-echipa.png","width":1349,"height":967},{"@type":"BreadcrumbList","@id":"https:\/\/ru1.md\/en\/candidates-list\/#breadcrumb","itemListElement":[{"@type":"ListItem","position":1,"name":"Prima pagin\u0103","item":"https:\/\/ru1.md\/en\/"},{"@type":"ListItem","position":2,"name":"Candidates List"}]},{"@type":"WebSite","@id":"https:\/\/ru1.md\/#website","url":"https:\/\/ru1.md\/","name":"Renato Usat\u00eei","description":"RU1.md","publisher":{"@id":"https:\/\/ru1.md\/#\/schema\/person\/8d5d1d7cfffb772cf1e54e407fdcc2d0"},"alternateName":"\u0420\u0435\u043d\u0430\u0442\u043e \u0423\u0441\u0430\u0442\u044b\u0439\ufeff","potentialAction":[{"@type":"SearchAction","target":{"@type":"EntryPoint","urlTemplate":"https:\/\/ru1.md\/?s={search_term_string}"},"query-input":{"@type":"PropertyValueSpecification","valueRequired":true,"valueName":"search_term_string"}}],"inLanguage":"en-US"},{"@type":["Person","Organization"],"@id":"https:\/\/ru1.md\/#\/schema\/person\/8d5d1d7cfffb772cf1e54e407fdcc2d0","name":"pnru.web","image":{"@type":"ImageObject","inLanguage":"en-US","@id":"https:\/\/ru1.md\/#\/schema\/person\/image\/","url":"https:\/\/ru1.md\/wp-content\/uploads\/2021\/05\/usatii-voronin-va-fi-folosit-de-dodon.jpeg","contentUrl":"https:\/\/ru1.md\/wp-content\/uploads\/2021\/05\/usatii-voronin-va-fi-folosit-de-dodon.jpeg","width":1920,"height":1276,"caption":"pnru.web"},"logo":{"@id":"https:\/\/ru1.md\/#\/schema\/person\/image\/"},"sameAs":["http:\/\/n2.ru1.md"]}]}},"_links":{"self":[{"href":"https:\/\/ru1.md\/en\/wp-json\/wp\/v2\/pages\/3673"}],"collection":[{"href":"https:\/\/ru1.md\/en\/wp-json\/wp\/v2\/pages"}],"about":[{"href":"https:\/\/ru1.md\/en\/wp-json\/wp\/v2\/types\/page"}],"author":[{"embeddable":true,"href":"https:\/\/ru1.md\/en\/wp-json\/wp\/v2\/users\/1"}],"replies":[{"embeddable":true,"href":"https:\/\/ru1.md\/en\/wp-json\/wp\/v2\/comments?post=3673"}],"version-history":[{"count":0,"href":"https:\/\/ru1.md\/en\/wp-json\/wp\/v2\/pages\/3673\/revisions"}],"wp:featuredmedia":[{"embeddable":true,"href":"https:\/\/ru1.md\/en\/wp-json\/wp\/v2\/media\/6980"}],"wp:attachment":[{"href":"https:\/\/ru1.md\/en\/wp-json\/wp\/v2\/media?parent=3673"}],"curies":[{"name":"wp","href":"https:\/\/api.w.org\/{rel}","templated":true}]}}