{"id":8022,"date":"2023-08-02T11:15:50","date_gmt":"2023-08-02T09:15:50","guid":{"rendered":"https:\/\/ru1.md\/?page_id=8022"},"modified":"2025-11-17T12:28:51","modified_gmt":"2025-11-17T10:28:51","slug":"our-mayors","status":"publish","type":"page","link":"https:\/\/ru1.md\/en\/our-mayors\/","title":{"rendered":"Our mayors"},"content":{"rendered":"<p>[vc_row][vc_column]\t<div  class=\"bs-shortcode bs-heading-shortcode bscb-70673 vc_custom_1690867735046 have_bg\">\r\n\t\t\t\t<h3 class=\"section-heading sh-t2 sh-s4\">\r\n\t\t\t\t<span class=\"h-text\">PRIMARII PARTIDULUI NOSTRU<\/span>\r\n\t\t\t\t<\/h3>\r\n\t\t\t<\/div>\r\n[vc_tta_accordion active_section=&#8221;0&#8243;][vc_tta_section title=&#8221;Section&#8221; tab_id=&#8221;1747834684905-fe99431d-771f&#8221;][\/vc_tta_section][vc_tta_section title=&#8221;MUNICIPIUL B\u0102L\u021aI&#8221; tab_id=&#8221;1690867206281-528d8a2f-545d&#8221;][vc_single_image image=&#8221;15678&#8243; img_size=&#8221;medium&#8221; alignment=&#8221;center&#8221; onclick=&#8221;link_image&#8221;][vc_custom_heading text=&#8221;PETKOV ALEXANDR&#8221; font_container=&#8221;tag:h2|text_align:center&#8221; use_theme_fonts=&#8221;yes&#8221;][\/vc_tta_section][vc_tta_section title=&#8221;ORA\u0218UL CANTEMIR&#8221; tab_id=&#8221;1747831332889-ea5eab7d-114f&#8221;][vc_single_image image=&#8221;7990&#8243; img_size=&#8221;medium&#8221; alignment=&#8221;center&#8221; onclick=&#8221;link_image&#8221;][vc_custom_heading text=&#8221;CIUBACIUC ROMAN&#8221; font_container=&#8221;tag:h2|text_align:center&#8221; use_theme_fonts=&#8221;yes&#8221;][\/vc_tta_section][vc_tta_section title=&#8221;ORA\u0218UL DROCHIA&#8221; tab_id=&#8221;1690867378993-6df99024-566f&#8221;][vc_single_image image=&#8221;8027&#8243; img_size=&#8221;medium&#8221; alignment=&#8221;center&#8221; onclick=&#8221;link_image&#8221;][vc_custom_heading text=&#8221;CERETEU NINA&#8221; font_container=&#8221;tag:h2|text_align:center&#8221; use_theme_fonts=&#8221;yes&#8221;][\/vc_tta_section][vc_tta_section title=&#8221;ORA\u0218UL F\u0102LE\u0218TI&#8221; tab_id=&#8221;1690867403660-6a249bee-c8b5&#8243;][vc_single_image image=&#8221;7999&#8243; img_size=&#8221;medium&#8221; alignment=&#8221;center&#8221; onclick=&#8221;link_image&#8221;][vc_custom_heading text=&#8221;SEVERIN ALEXANDR&#8221; font_container=&#8221;tag:h2|text_align:center&#8221; use_theme_fonts=&#8221;yes&#8221;][\/vc_tta_section][vc_tta_section title=&#8221;ORA\u0218UL GLODENI&#8221; tab_id=&#8221;1690867429622-cd4a2f66-96f7&#8243;][vc_single_image image=&#8221;7993&#8243; img_size=&#8221;medium&#8221; alignment=&#8221;center&#8221; onclick=&#8221;link_image&#8221;][vc_custom_heading text=&#8221;ONU\u021aU STELA&#8221; font_container=&#8221;tag:h2|text_align:center&#8221; use_theme_fonts=&#8221;yes&#8221;][\/vc_tta_section][vc_tta_section title=&#8221;ORA\u0218UL R\u00ce\u0218CANI&#8221; tab_id=&#8221;1690867455447-efd5fc9f-3afc&#8221;][vc_single_image image=&#8221;7968&#8243; img_size=&#8221;medium&#8221; alignment=&#8221;center&#8221; onclick=&#8221;link_image&#8221;][vc_custom_heading text=&#8221;BOGATICO VICTOR&#8221; font_container=&#8221;tag:h2|text_align:center&#8221; use_theme_fonts=&#8221;yes&#8221;][vc_column_text]Este la al treilea mandat de primar al ora\u0219ului R\u00ee\u0219cani.<\/p>\n<p>\u00cen ultimii zece ani, au fost create peste 2.000 de locuri de munc\u0103.<\/p>\n<p>\u00cen fiecare an, bugetul ora\u0219ului cre\u0219te de aproape 1,5 ori.<\/p>\n<p>Au fost renovate toate cele 5 cl\u0103diri de \u0219coli, 8 gr\u0103dini\u021be, 4 Centre de Cultur\u0103 \u0219i biblioteci aflate \u00een gestiunea prim\u0103riei. \u00cen aceste scopuri, au fost atrase fonduri extrabugetare \u00een valoare de peste 100 de milioane de lei, adic\u0103 aproape 5 bugete medii ale ora\u0219ului pentru aceast\u0103 perioad\u0103.<\/p>\n<p>Au fost instalate peste 20 km2 de pl\u0103ci de pavaj \u0219i peste 200 de b\u0103nci.<\/p>\n<p>Peste 1,5 milioane de lei se aloc\u0103 anual pentru iluminarea ora\u0219ului \u0219i a satelor adiacente, pentru \u00eentre\u021binerea drumurilor \u0219i trotuarelor &#8211; circa 2 milioane de lei.<\/p>\n<p>Au fost reparate \u0219i instalate peste 5 km de re\u021bele de alimentare cu ap\u0103, au fost achizi\u021bionate 6 unit\u0103\u021bi de echipament pentru gospod\u0103rie comunal\u0103 \u0219i 3 autobuze, au fost organizate c\u0103i de circula\u021bie intern\u0103 pentru transportul cet\u0103\u021benilor.<\/p>\n<p>\u201e<em>Ast\u0103zi, \u00een calitate de primar al ora\u0219ului R\u00e2\u0219cani, sunt vicepre\u0219edintele Congresului Autorit\u0103\u021bilor Locale din Moldova (CALM). \u00cen ultimii ani, am reu\u0219it s\u0103 stabilim contacte cu diverse organiza\u021bii interna\u021bionale. Prim\u0103ria ora\u0219ului este membru cu drepturi depline al organiza\u021biei Euroregiunii \u201eNistru\u201d, a \u00eencheiat acorduri de \u00eenfr\u0103\u021bire cu Kolomyia (Ucraina), Dobryanka (Rusia), este la ultima etap\u0103 semnarea acordurilor cu T\u00e2rgu Neam\u021b (Rom\u00e2nia) \u0219i Hnivan (Ucraina). Suntem deschi\u0219i pentru cooperare \u00een beneficiul locuitorilor ora\u0219ului \u0219i lucr\u0103m doar pentru ei<\/em>.\u201d[\/vc_column_text][\/vc_tta_section][vc_tta_section title=&#8221;Satul B\u0102HRINE\u0218TI, raionul FLORE\u0218TI&#8221; tab_id=&#8221;1747831759544-6d3fc7a8-5e75&#8243;][vc_single_image image=&#8221;10482&#8243; img_size=&#8221;medium&#8221;][vc_custom_heading text=&#8221;COVALENCO VICTOR&#8221; font_container=&#8221;tag:h2|text_align:center&#8221; use_theme_fonts=&#8221;yes&#8221;][\/vc_tta_section][vc_tta_section title=&#8221;Comuna C\u0102LUG\u0102R, raionul F\u0102LE\u0218TI&#8221; tab_id=&#8221;1747831756194-04b10aca-2960&#8243;][vc_single_image image=&#8221;25174&#8243; img_size=&#8221;medium&#8221;][vc_custom_heading text=&#8221;HAREA INA&#8221; font_container=&#8221;tag:h2|text_align:center&#8221; use_theme_fonts=&#8221;yes&#8221;][\/vc_tta_section][vc_tta_section title=&#8221;Satul CATRAN\u00ceC, raionul F\u0102LE\u0218TI&#8221; tab_id=&#8221;1690867524217-6bae3291-87df&#8221;][vc_single_image image=&#8221;20950&#8243; img_size=&#8221;medium&#8221;][vc_custom_heading text=&#8221;FUSSA SERGHEI&#8221; font_container=&#8221;tag:h2|text_align:center&#8221; use_theme_fonts=&#8221;yes&#8221;][\/vc_tta_section][vc_tta_section title=&#8221;Satul GLINJENI, raionul F\u0102LE\u0218TI&#8221; tab_id=&#8221;1747831865866-8618acf7-5c10&#8243;][vc_single_image image=&#8221;25235&#8243; img_size=&#8221;medium&#8221;][vc_custom_heading text=&#8221;ZARIJA VIOREL&#8221; font_container=&#8221;tag:h2|text_align:center&#8221; use_theme_fonts=&#8221;yes&#8221;][\/vc_tta_section][vc_tta_section title=&#8221;Comuna HILIU\u021aI, raionul F\u0102LE\u0218TI&#8221; tab_id=&#8221;1747832072183-45f48d16-c4ae&#8221;][vc_single_image image=&#8221;12358&#8243; img_size=&#8221;medium&#8221;][vc_custom_heading text=&#8221;BOLFACIUC ILIE&#8221; font_container=&#8221;tag:h2|text_align:center&#8221; use_theme_fonts=&#8221;yes&#8221;][\/vc_tta_section][vc_tta_section title=&#8221;Satul ILENU\u021aA, raionul F\u0102LE\u0218TI&#8221; tab_id=&#8221;1747836150472-4e201a00-04a6&#8243;][vc_single_image image=&#8221;25239&#8243; img_size=&#8221;medium&#8221;][vc_custom_heading text=&#8221;P\u00ceCALEU OLEG&#8221; font_container=&#8221;tag:h2|text_align:center&#8221; use_theme_fonts=&#8221;yes&#8221;][\/vc_tta_section][vc_tta_section title=&#8221;Satul MUSTEA\u021aA, raionul F\u0102LE\u0218TI&#8221; tab_id=&#8221;1690867547241-cdc5cd00-150b&#8221;][vc_single_image image=&#8221;12366&#8243; img_size=&#8221;medium&#8221;][vc_custom_heading text=&#8221;BEJENARI VALERIU&#8221; font_container=&#8221;tag:h2|text_align:center&#8221; use_theme_fonts=&#8221;yes&#8221;][\/vc_tta_section][vc_tta_section title=&#8221;Comuna POMPA, raionul F\u0102LE\u0218TI&#8221; tab_id=&#8221;1690867568010-8fea2f6a-e749&#8243;][vc_single_image image=&#8221;9036&#8243; img_size=&#8221;medium&#8221;][vc_custom_heading text=&#8221;GORACIOC ROMAN&#8221; font_container=&#8221;tag:h2|text_align:center&#8221; use_theme_fonts=&#8221;yes&#8221;][\/vc_tta_section][vc_tta_section title=&#8221;Satul FUNDURII VECHI, raionul GLODENI&#8221; tab_id=&#8221;1690867591745-c577ccab-1957&#8243;][vc_single_image image=&#8221;9043&#8243; img_size=&#8221;medium&#8221;][vc_custom_heading text=&#8221;GNATIUC ANATOLIE&#8221; font_container=&#8221;tag:h2|text_align:center&#8221; use_theme_fonts=&#8221;yes&#8221;][\/vc_tta_section][vc_tta_section title=&#8221;Comuna \u021aAMBULA, raionul S\u00ceNGEREI&#8221; tab_id=&#8221;1690867613874-181ee628-25c3&#8243;][vc_single_image image=&#8221;9029&#8243; img_size=&#8221;medium&#8221;][vc_custom_heading text=&#8221;COL MIHAIL&#8221; font_container=&#8221;tag:h2|text_align:center&#8221; use_theme_fonts=&#8221;yes&#8221;][\/vc_tta_section][\/vc_tta_accordion][\/vc_column][\/vc_row][vc_row][vc_column][\/vc_column][\/vc_row]<\/p>\n","protected":false},"excerpt":{"rendered":"<p>[vc_row][vc_column][vc_tta_accordion active_section=&#8221;0&#8243;][vc_tta_section title=&#8221;Section&#8221; tab_id=&#8221;1747834684905-fe99431d-771f&#8221;][\/vc_tta_section][vc_tta_section title=&#8221;MUNICIPIUL B\u0102L\u021aI&#8221; tab_id=&#8221;1690867206281-528d8a2f-545d&#8221;][vc_single_image image=&#8221;15678&#8243; img_size=&#8221;medium&#8221; alignment=&#8221;center&#8221; onclick=&#8221;link_image&#8221;][vc_custom_heading text=&#8221;PETKOV ALEXANDR&#8221; font_container=&#8221;tag:h2|text_align:center&#8221; use_theme_fonts=&#8221;yes&#8221;][\/vc_tta_section][vc_tta_section title=&#8221;ORA\u0218UL CANTEMIR&#8221; tab_id=&#8221;1747831332889-ea5eab7d-114f&#8221;][vc_single_image image=&#8221;7990&#8243; img_size=&#8221;medium&#8221; alignment=&#8221;center&#8221; onclick=&#8221;link_image&#8221;][vc_custom_heading text=&#8221;CIUBACIUC ROMAN&#8221; font_container=&#8221;tag:h2|text_align:center&#8221; use_theme_fonts=&#8221;yes&#8221;][\/vc_tta_section][vc_tta_section title=&#8221;ORA\u0218UL DROCHIA&#8221; tab_id=&#8221;1690867378993-6df99024-566f&#8221;][vc_single_image image=&#8221;8027&#8243; img_size=&#8221;medium&#8221; alignment=&#8221;center&#8221; onclick=&#8221;link_image&#8221;][vc_custom_heading text=&#8221;CERETEU NINA&#8221; font_container=&#8221;tag:h2|text_align:center&#8221; use_theme_fonts=&#8221;yes&#8221;][\/vc_tta_section][vc_tta_section title=&#8221;ORA\u0218UL F\u0102LE\u0218TI&#8221; tab_id=&#8221;1690867403660-6a249bee-c8b5&#8243;][vc_single_image image=&#8221;7999&#8243; img_size=&#8221;medium&#8221; alignment=&#8221;center&#8221; onclick=&#8221;link_image&#8221;][vc_custom_heading text=&#8221;SEVERIN ALEXANDR&#8221; font_container=&#8221;tag:h2|text_align:center&#8221; use_theme_fonts=&#8221;yes&#8221;][\/vc_tta_section][vc_tta_section title=&#8221;ORA\u0218UL GLODENI&#8221; tab_id=&#8221;1690867429622-cd4a2f66-96f7&#8243;][vc_single_image image=&#8221;7993&#8243; img_size=&#8221;medium&#8221; alignment=&#8221;center&#8221; onclick=&#8221;link_image&#8221;][vc_custom_heading [&hellip;]<\/p>\n","protected":false},"author":1,"featured_media":0,"parent":0,"menu_order":0,"comment_status":"closed","ping_status":"closed","template":"","meta":{"footnotes":""},"yoast_head":"<!-- This site is optimized with the Yoast SEO plugin v23.9 - https:\/\/yoast.com\/wordpress\/plugins\/seo\/ -->\n<title>Our mayors - Renato Usat\u00eei<\/title>\n<meta name=\"robots\" content=\"index, follow, max-snippet:-1, max-image-preview:large, max-video-preview:-1\" \/>\n<link rel=\"canonical\" href=\"https:\/\/ru1.md\/en\/our-mayors\/\" \/>\n<meta property=\"og:locale\" content=\"en_US\" \/>\n<meta property=\"og:type\" content=\"article\" \/>\n<meta property=\"og:title\" content=\"Our mayors - Renato Usat\u00eei\" \/>\n<meta property=\"og:description\" content=\"[vc_row][vc_column][vc_tta_accordion active_section=&#8221;0&#8243;][vc_tta_section title=&#8221;Section&#8221; tab_id=&#8221;1747834684905-fe99431d-771f&#8221;][\/vc_tta_section][vc_tta_section title=&#8221;MUNICIPIUL B\u0102L\u021aI&#8221; tab_id=&#8221;1690867206281-528d8a2f-545d&#8221;][vc_single_image image=&#8221;15678&#8243; img_size=&#8221;medium&#8221; alignment=&#8221;center&#8221; onclick=&#8221;link_image&#8221;][vc_custom_heading text=&#8221;PETKOV ALEXANDR&#8221; font_container=&#8221;tag:h2|text_align:center&#8221; use_theme_fonts=&#8221;yes&#8221;][\/vc_tta_section][vc_tta_section title=&#8221;ORA\u0218UL CANTEMIR&#8221; tab_id=&#8221;1747831332889-ea5eab7d-114f&#8221;][vc_single_image image=&#8221;7990&#8243; img_size=&#8221;medium&#8221; alignment=&#8221;center&#8221; onclick=&#8221;link_image&#8221;][vc_custom_heading text=&#8221;CIUBACIUC ROMAN&#8221; font_container=&#8221;tag:h2|text_align:center&#8221; use_theme_fonts=&#8221;yes&#8221;][\/vc_tta_section][vc_tta_section title=&#8221;ORA\u0218UL DROCHIA&#8221; tab_id=&#8221;1690867378993-6df99024-566f&#8221;][vc_single_image image=&#8221;8027&#8243; img_size=&#8221;medium&#8221; alignment=&#8221;center&#8221; onclick=&#8221;link_image&#8221;][vc_custom_heading text=&#8221;CERETEU NINA&#8221; font_container=&#8221;tag:h2|text_align:center&#8221; use_theme_fonts=&#8221;yes&#8221;][\/vc_tta_section][vc_tta_section title=&#8221;ORA\u0218UL F\u0102LE\u0218TI&#8221; tab_id=&#8221;1690867403660-6a249bee-c8b5&#8243;][vc_single_image image=&#8221;7999&#8243; img_size=&#8221;medium&#8221; alignment=&#8221;center&#8221; onclick=&#8221;link_image&#8221;][vc_custom_heading text=&#8221;SEVERIN ALEXANDR&#8221; font_container=&#8221;tag:h2|text_align:center&#8221; use_theme_fonts=&#8221;yes&#8221;][\/vc_tta_section][vc_tta_section title=&#8221;ORA\u0218UL GLODENI&#8221; tab_id=&#8221;1690867429622-cd4a2f66-96f7&#8243;][vc_single_image image=&#8221;7993&#8243; img_size=&#8221;medium&#8221; alignment=&#8221;center&#8221; onclick=&#8221;link_image&#8221;][vc_custom_heading [&hellip;]\" \/>\n<meta property=\"og:url\" content=\"https:\/\/ru1.md\/en\/our-mayors\/\" \/>\n<meta property=\"og:site_name\" content=\"Renato Usat\u00eei\" \/>\n<meta property=\"article:modified_time\" content=\"2025-11-17T10:28:51+00:00\" \/>\n<meta property=\"og:image\" content=\"https:\/\/ru1.md\/wp-content\/uploads\/2024\/07\/maxresdefault-3.jpg\" \/>\n\t<meta property=\"og:image:width\" content=\"1280\" \/>\n\t<meta property=\"og:image:height\" content=\"720\" \/>\n\t<meta property=\"og:image:type\" content=\"image\/jpeg\" \/>\n<meta name=\"twitter:card\" content=\"summary_large_image\" \/>\n<meta name=\"twitter:label1\" content=\"Est. reading time\" \/>\n\t<meta name=\"twitter:data1\" content=\"3 minutes\" \/>\n<script type=\"application\/ld+json\" class=\"yoast-schema-graph\">{\"@context\":\"https:\/\/schema.org\",\"@graph\":[{\"@type\":\"WebPage\",\"@id\":\"https:\/\/ru1.md\/en\/our-mayors\/\",\"url\":\"https:\/\/ru1.md\/en\/our-mayors\/\",\"name\":\"Our mayors - Renato Usat\u00eei\",\"isPartOf\":{\"@id\":\"https:\/\/ru1.md\/#website\"},\"datePublished\":\"2023-08-02T09:15:50+00:00\",\"dateModified\":\"2025-11-17T10:28:51+00:00\",\"breadcrumb\":{\"@id\":\"https:\/\/ru1.md\/en\/our-mayors\/#breadcrumb\"},\"inLanguage\":\"en-US\",\"potentialAction\":[{\"@type\":\"ReadAction\",\"target\":[\"https:\/\/ru1.md\/en\/our-mayors\/\"]}]},{\"@type\":\"BreadcrumbList\",\"@id\":\"https:\/\/ru1.md\/en\/our-mayors\/#breadcrumb\",\"itemListElement\":[{\"@type\":\"ListItem\",\"position\":1,\"name\":\"Prima pagin\u0103\",\"item\":\"https:\/\/ru1.md\/en\/\"},{\"@type\":\"ListItem\",\"position\":2,\"name\":\"Our mayors\"}]},{\"@type\":\"WebSite\",\"@id\":\"https:\/\/ru1.md\/#website\",\"url\":\"https:\/\/ru1.md\/\",\"name\":\"Renato Usat\u00eei\",\"description\":\"RU1.md\",\"publisher\":{\"@id\":\"https:\/\/ru1.md\/#\/schema\/person\/8d5d1d7cfffb772cf1e54e407fdcc2d0\"},\"alternateName\":\"\u0420\u0435\u043d\u0430\u0442\u043e \u0423\u0441\u0430\u0442\u044b\u0439\ufeff\",\"potentialAction\":[{\"@type\":\"SearchAction\",\"target\":{\"@type\":\"EntryPoint\",\"urlTemplate\":\"https:\/\/ru1.md\/?s={search_term_string}\"},\"query-input\":{\"@type\":\"PropertyValueSpecification\",\"valueRequired\":true,\"valueName\":\"search_term_string\"}}],\"inLanguage\":\"en-US\"},{\"@type\":[\"Person\",\"Organization\"],\"@id\":\"https:\/\/ru1.md\/#\/schema\/person\/8d5d1d7cfffb772cf1e54e407fdcc2d0\",\"name\":\"pnru.web\",\"image\":{\"@type\":\"ImageObject\",\"inLanguage\":\"en-US\",\"@id\":\"https:\/\/ru1.md\/#\/schema\/person\/image\/\",\"url\":\"https:\/\/ru1.md\/wp-content\/uploads\/2021\/05\/usatii-voronin-va-fi-folosit-de-dodon.jpeg\",\"contentUrl\":\"https:\/\/ru1.md\/wp-content\/uploads\/2021\/05\/usatii-voronin-va-fi-folosit-de-dodon.jpeg\",\"width\":1920,\"height\":1276,\"caption\":\"pnru.web\"},\"logo\":{\"@id\":\"https:\/\/ru1.md\/#\/schema\/person\/image\/\"},\"sameAs\":[\"http:\/\/n2.ru1.md\"]}]}<\/script>\n<!-- \/ Yoast SEO plugin. -->","yoast_head_json":{"title":"Our mayors - Renato Usat\u00eei","robots":{"index":"index","follow":"follow","max-snippet":"max-snippet:-1","max-image-preview":"max-image-preview:large","max-video-preview":"max-video-preview:-1"},"canonical":"https:\/\/ru1.md\/en\/our-mayors\/","og_locale":"en_US","og_type":"article","og_title":"Our mayors - Renato Usat\u00eei","og_description":"[vc_row][vc_column][vc_tta_accordion active_section=&#8221;0&#8243;][vc_tta_section title=&#8221;Section&#8221; tab_id=&#8221;1747834684905-fe99431d-771f&#8221;][\/vc_tta_section][vc_tta_section title=&#8221;MUNICIPIUL B\u0102L\u021aI&#8221; tab_id=&#8221;1690867206281-528d8a2f-545d&#8221;][vc_single_image image=&#8221;15678&#8243; img_size=&#8221;medium&#8221; alignment=&#8221;center&#8221; onclick=&#8221;link_image&#8221;][vc_custom_heading text=&#8221;PETKOV ALEXANDR&#8221; font_container=&#8221;tag:h2|text_align:center&#8221; use_theme_fonts=&#8221;yes&#8221;][\/vc_tta_section][vc_tta_section title=&#8221;ORA\u0218UL CANTEMIR&#8221; tab_id=&#8221;1747831332889-ea5eab7d-114f&#8221;][vc_single_image image=&#8221;7990&#8243; img_size=&#8221;medium&#8221; alignment=&#8221;center&#8221; onclick=&#8221;link_image&#8221;][vc_custom_heading text=&#8221;CIUBACIUC ROMAN&#8221; font_container=&#8221;tag:h2|text_align:center&#8221; use_theme_fonts=&#8221;yes&#8221;][\/vc_tta_section][vc_tta_section title=&#8221;ORA\u0218UL DROCHIA&#8221; tab_id=&#8221;1690867378993-6df99024-566f&#8221;][vc_single_image image=&#8221;8027&#8243; img_size=&#8221;medium&#8221; alignment=&#8221;center&#8221; onclick=&#8221;link_image&#8221;][vc_custom_heading text=&#8221;CERETEU NINA&#8221; font_container=&#8221;tag:h2|text_align:center&#8221; use_theme_fonts=&#8221;yes&#8221;][\/vc_tta_section][vc_tta_section title=&#8221;ORA\u0218UL F\u0102LE\u0218TI&#8221; tab_id=&#8221;1690867403660-6a249bee-c8b5&#8243;][vc_single_image image=&#8221;7999&#8243; img_size=&#8221;medium&#8221; alignment=&#8221;center&#8221; onclick=&#8221;link_image&#8221;][vc_custom_heading text=&#8221;SEVERIN ALEXANDR&#8221; font_container=&#8221;tag:h2|text_align:center&#8221; use_theme_fonts=&#8221;yes&#8221;][\/vc_tta_section][vc_tta_section title=&#8221;ORA\u0218UL GLODENI&#8221; tab_id=&#8221;1690867429622-cd4a2f66-96f7&#8243;][vc_single_image image=&#8221;7993&#8243; img_size=&#8221;medium&#8221; alignment=&#8221;center&#8221; onclick=&#8221;link_image&#8221;][vc_custom_heading [&hellip;]","og_url":"https:\/\/ru1.md\/en\/our-mayors\/","og_site_name":"Renato Usat\u00eei","article_modified_time":"2025-11-17T10:28:51+00:00","og_image":[{"width":1280,"height":720,"url":"https:\/\/ru1.md\/wp-content\/uploads\/2024\/07\/maxresdefault-3.jpg","type":"image\/jpeg"}],"twitter_card":"summary_large_image","twitter_misc":{"Est. reading time":"3 minutes"},"schema":{"@context":"https:\/\/schema.org","@graph":[{"@type":"WebPage","@id":"https:\/\/ru1.md\/en\/our-mayors\/","url":"https:\/\/ru1.md\/en\/our-mayors\/","name":"Our mayors - Renato Usat\u00eei","isPartOf":{"@id":"https:\/\/ru1.md\/#website"},"datePublished":"2023-08-02T09:15:50+00:00","dateModified":"2025-11-17T10:28:51+00:00","breadcrumb":{"@id":"https:\/\/ru1.md\/en\/our-mayors\/#breadcrumb"},"inLanguage":"en-US","potentialAction":[{"@type":"ReadAction","target":["https:\/\/ru1.md\/en\/our-mayors\/"]}]},{"@type":"BreadcrumbList","@id":"https:\/\/ru1.md\/en\/our-mayors\/#breadcrumb","itemListElement":[{"@type":"ListItem","position":1,"name":"Prima pagin\u0103","item":"https:\/\/ru1.md\/en\/"},{"@type":"ListItem","position":2,"name":"Our mayors"}]},{"@type":"WebSite","@id":"https:\/\/ru1.md\/#website","url":"https:\/\/ru1.md\/","name":"Renato Usat\u00eei","description":"RU1.md","publisher":{"@id":"https:\/\/ru1.md\/#\/schema\/person\/8d5d1d7cfffb772cf1e54e407fdcc2d0"},"alternateName":"\u0420\u0435\u043d\u0430\u0442\u043e \u0423\u0441\u0430\u0442\u044b\u0439\ufeff","potentialAction":[{"@type":"SearchAction","target":{"@type":"EntryPoint","urlTemplate":"https:\/\/ru1.md\/?s={search_term_string}"},"query-input":{"@type":"PropertyValueSpecification","valueRequired":true,"valueName":"search_term_string"}}],"inLanguage":"en-US"},{"@type":["Person","Organization"],"@id":"https:\/\/ru1.md\/#\/schema\/person\/8d5d1d7cfffb772cf1e54e407fdcc2d0","name":"pnru.web","image":{"@type":"ImageObject","inLanguage":"en-US","@id":"https:\/\/ru1.md\/#\/schema\/person\/image\/","url":"https:\/\/ru1.md\/wp-content\/uploads\/2021\/05\/usatii-voronin-va-fi-folosit-de-dodon.jpeg","contentUrl":"https:\/\/ru1.md\/wp-content\/uploads\/2021\/05\/usatii-voronin-va-fi-folosit-de-dodon.jpeg","width":1920,"height":1276,"caption":"pnru.web"},"logo":{"@id":"https:\/\/ru1.md\/#\/schema\/person\/image\/"},"sameAs":["http:\/\/n2.ru1.md"]}]}},"_links":{"self":[{"href":"https:\/\/ru1.md\/en\/wp-json\/wp\/v2\/pages\/8022"}],"collection":[{"href":"https:\/\/ru1.md\/en\/wp-json\/wp\/v2\/pages"}],"about":[{"href":"https:\/\/ru1.md\/en\/wp-json\/wp\/v2\/types\/page"}],"author":[{"embeddable":true,"href":"https:\/\/ru1.md\/en\/wp-json\/wp\/v2\/users\/1"}],"replies":[{"embeddable":true,"href":"https:\/\/ru1.md\/en\/wp-json\/wp\/v2\/comments?post=8022"}],"version-history":[{"count":31,"href":"https:\/\/ru1.md\/en\/wp-json\/wp\/v2\/pages\/8022\/revisions"}],"predecessor-version":[{"id":28613,"href":"https:\/\/ru1.md\/en\/wp-json\/wp\/v2\/pages\/8022\/revisions\/28613"}],"wp:attachment":[{"href":"https:\/\/ru1.md\/en\/wp-json\/wp\/v2\/media?parent=8022"}],"curies":[{"name":"wp","href":"https:\/\/api.w.org\/{rel}","templated":true}]}}